{"id":955,"date":"2022-07-24T13:15:15","date_gmt":"2022-07-24T11:15:15","guid":{"rendered":"http:\/\/irpecor.fr\/?page_id=955"},"modified":"2023-05-21T18:50:47","modified_gmt":"2023-05-21T16:50:47","slug":"expressivite-relation-daide-et-chaines-musculaires","status":"publish","type":"page","link":"https:\/\/irpecor.fr\/index.php\/expressivite-relation-daide-et-chaines-musculaires\/","title":{"rendered":"Expressivit\u00e9, relation d&#8217;aide et chaines musculaires"},"content":{"rendered":"\t\t<div data-elementor-type=\"wp-page\" data-elementor-id=\"955\" class=\"elementor elementor-955\">\n\t\t\t\t\t\t<section class=\"elementor-section elementor-top-section elementor-element elementor-element-0877216 elementor-section-full_width elementor-section-stretched animated-slow elementor-section-height-default elementor-section-height-default elementor-invisible\" data-id=\"0877216\" data-element_type=\"section\" data-e-type=\"section\" data-settings=\"{&quot;stretch_section&quot;:&quot;section-stretched&quot;,&quot;background_background&quot;:&quot;slideshow&quot;,&quot;background_slideshow_gallery&quot;:[{&quot;id&quot;:253,&quot;url&quot;:&quot;http:\\\/\\\/irpecor.fr\\\/wp-content\\\/uploads\\\/2022\\\/07\\\/cropped-Enszo-Groupe.jpg&quot;}],&quot;shape_divider_bottom&quot;:&quot;opacity-fan&quot;,&quot;animation&quot;:&quot;fadeInDown&quot;,&quot;animation_delay&quot;:1000,&quot;background_slideshow_loop&quot;:&quot;yes&quot;,&quot;background_slideshow_slide_duration&quot;:5000,&quot;background_slideshow_slide_transition&quot;:&quot;fade&quot;,&quot;background_slideshow_transition_duration&quot;:500}\">\n\t\t\t\t\t<div class=\"elementor-shape elementor-shape-bottom\" aria-hidden=\"true\" data-negative=\"false\">\n\t\t\t<svg xmlns=\"http:\/\/www.w3.org\/2000\/svg\" viewBox=\"0 0 283.5 19.6\" preserveAspectRatio=\"none\">\n\t<path class=\"elementor-shape-fill\" style=\"opacity:0.33\" d=\"M0 0L0 18.8 141.8 4.1 283.5 18.8 283.5 0z\"\/>\n\t<path class=\"elementor-shape-fill\" style=\"opacity:0.33\" d=\"M0 0L0 12.6 141.8 4 283.5 12.6 283.5 0z\"\/>\n\t<path class=\"elementor-shape-fill\" style=\"opacity:0.33\" d=\"M0 0L0 6.4 141.8 4 283.5 6.4 283.5 0z\"\/>\n\t<path class=\"elementor-shape-fill\" d=\"M0 0L0 1.2 141.8 4 283.5 1.2 283.5 0z\"\/>\n<\/svg>\t\t<\/div>\n\t\t\t\t\t<div class=\"elementor-container elementor-column-gap-default\">\n\t\t\t\t\t<div class=\"elementor-column elementor-col-100 elementor-top-column elementor-element elementor-element-5190f1b\" data-id=\"5190f1b\" data-element_type=\"column\" data-e-type=\"column\">\n\t\t\t<div class=\"elementor-widget-wrap\">\n\t\t\t\t\t\t\t<\/div>\n\t\t<\/div>\n\t\t\t\t\t<\/div>\n\t\t<\/section>\n\t\t\t\t<section class=\"elementor-section elementor-top-section elementor-element elementor-element-f4ff864 elementor-section-stretched animated-slow elementor-section-boxed elementor-section-height-default elementor-section-height-default elementor-invisible\" data-id=\"f4ff864\" data-element_type=\"section\" data-e-type=\"section\" data-settings=\"{&quot;stretch_section&quot;:&quot;section-stretched&quot;,&quot;animation&quot;:&quot;fadeInUp&quot;,&quot;animation_delay&quot;:500}\">\n\t\t\t\t\t\t<div class=\"elementor-container elementor-column-gap-default\">\n\t\t\t\t\t<div class=\"elementor-column elementor-col-100 elementor-top-column elementor-element elementor-element-e8fb2e9\" data-id=\"e8fb2e9\" data-element_type=\"column\" data-e-type=\"column\">\n\t\t\t<div class=\"elementor-widget-wrap elementor-element-populated\">\n\t\t\t\t\t\t<div class=\"elementor-element elementor-element-6ec8ef2 elementor-align-right elementor-widget elementor-widget-button\" data-id=\"6ec8ef2\" data-element_type=\"widget\" data-e-type=\"widget\" data-widget_type=\"button.default\">\n\t\t\t\t<div class=\"elementor-widget-container\">\n\t\t\t\t\t\t\t\t\t<div class=\"elementor-button-wrapper\">\n\t\t\t\t\t<a class=\"elementor-button elementor-button-link elementor-size-sm\" href=\"http:\/\/irpecor.fr\/index.php\/liste-des-formations-irpecor-2022-2023\/\">\n\t\t\t\t\t\t<span class=\"elementor-button-content-wrapper\">\n\t\t\t\t\t\t\t\t\t<span class=\"elementor-button-text\">Retour<\/span>\n\t\t\t\t\t<\/span>\n\t\t\t\t\t<\/a>\n\t\t\t\t<\/div>\n\t\t\t\t\t\t\t\t<\/div>\n\t\t\t\t<\/div>\n\t\t\t\t<div class=\"elementor-element elementor-element-d845ace elementor-widget elementor-widget-heading\" data-id=\"d845ace\" data-element_type=\"widget\" data-e-type=\"widget\" data-widget_type=\"heading.default\">\n\t\t\t\t<div class=\"elementor-widget-container\">\n\t\t\t\t\t<h1 class=\"elementor-heading-title elementor-size-default\">Expressivit\u00e9, relation d'aide et chaines musculaires<\/h1>\t\t\t\t<\/div>\n\t\t\t\t<\/div>\n\t\t\t\t\t<\/div>\n\t\t<\/div>\n\t\t\t\t\t<\/div>\n\t\t<\/section>\n\t\t\t\t<section class=\"elementor-section elementor-top-section elementor-element elementor-element-bf1df79 animated-slow elementor-section-boxed elementor-section-height-default elementor-section-height-default elementor-invisible\" data-id=\"bf1df79\" data-element_type=\"section\" data-e-type=\"section\" data-settings=\"{&quot;animation&quot;:&quot;fadeIn&quot;,&quot;animation_delay&quot;:500}\">\n\t\t\t\t\t\t<div class=\"elementor-container elementor-column-gap-default\">\n\t\t\t\t\t<div class=\"elementor-column elementor-col-100 elementor-top-column elementor-element elementor-element-62decbe\" data-id=\"62decbe\" data-element_type=\"column\" data-e-type=\"column\">\n\t\t\t<div class=\"elementor-widget-wrap elementor-element-populated\">\n\t\t\t\t\t\t<div class=\"elementor-element elementor-element-118e2ff elementor-widget elementor-widget-text-editor\" data-id=\"118e2ff\" data-element_type=\"widget\" data-e-type=\"widget\" data-widget_type=\"text-editor.default\">\n\t\t\t\t<div class=\"elementor-widget-container\">\n\t\t\t\t\t\t\t\t\t<h3>Pr\u00e9sentation<\/h3><p><span style=\"font-size: 10pt;\">Pr\u00e9sentation d\u00e9taill\u00e9e avec programme et fiche inscription t\u00e9l\u00e9chargeable apr\u00e8s la pr\u00e9sentation<\/span><\/p><p>\u00a0\u00a0<img decoding=\"async\" class=\"size-medium wp-image-50 alignright\" src=\"http:\/\/irpecor.fr\/wp-content\/uploads\/2022\/07\/Chaines-silh-PM-141x300.jpg\" alt=\"\" width=\"141\" height=\"300\" \/> \u00a0<\/p><p>Par cha\u00eenes musculaires on entend des groupes de muscles qui travaillent ensemble pour\u00a0<strong>organiser la posture<\/strong>.<\/p><p>Or nos postures sont nos fa\u00e7ons de nous poser, d&#8217;\u00eatre l\u00e0, plus ou moins ouvert, r\u00e9serv\u00e9, d&#8217;engager une direction, de nous d\u00e9tourner, d&#8217;affirmer, de recevoir.<strong>\u00a0A partir d&#8217;elles,<\/strong>\u00a0nous bougeons de fa\u00e7on diff\u00e9renci\u00e9e : gestes d&#8217;engagement ou r\u00e9ceptifs, d&#8217;aller vers ou de pr\u00e9servation, rebond et appui, extension\u2026<\/p><p><strong><img decoding=\"async\" class=\"size-medium wp-image-52 alignleft\" src=\"http:\/\/irpecor.fr\/wp-content\/uploads\/2022\/07\/Chaines-SilhPA-79x300.jpg\" alt=\"\" width=\"79\" height=\"300\" \/>Notre vie affective, imaginaire, nos rencontres et interactions<\/strong>, puisent dans ce r\u00e9pertoire de gestes et de postures qui constituent une sorte d&#8217;alphabet. Avec ces quelques lettres nous pouvons \u00e9crire des mots, composer des phrases qui sont notre expression. Divers auteurs comme M\u00e9zi\u00e8res ou Bobath ont montr\u00e9 que nos muscles travaillent en familles fonctionnelles. Mme Struyf s&#8217;appuyant sur leur travail et sur ses propres travaux a rep\u00e9r\u00e9 six familles fonctionnelles qui gouvernent six attitudes, six sch\u00e8mes posturomoteurs.<\/p><p><strong>Cette base anatomo-fonctionnelle s&#8217;av\u00e8re tr\u00e8s utile pour les professionnels<\/strong>\u00a0du mouvement et de la m\u00e9diation corporelle. Elle permet une lecture fine du corps, premier temps de toute rencontre clinique ou p\u00e9dagogique.<\/p><p>On rep\u00e8re des fonctionnements, des tendances, des habitudes, des manques, des impossibilit\u00e9s : difficult\u00e9 \u00e0 se recentrer, \u00e0 trouver ses appuis, \u00e0 engager directions et intentions, r\u00e9flexes de repli, manque de concentration, de densit\u00e9\u2026etc L&#8217;int\u00e9r\u00eat des chaines est d&#8217;\u00e9tayer ces observations sur une compr\u00e9hension de la structure corporelle.<\/p><p>La &#8220;l<strong>ecture chaines<\/strong>&#8221; permet de penser ces observations dans un cadre global, psychomoteur, et d&#8217;en d\u00e9duire des\u00a0<strong>propositions d&#8217;interventions<\/strong>\u00a0\u00e0 diff\u00e9rents niveaux :<\/p><p>&#8211; corporel, par le geste, la qualit\u00e9 de mouvement, les intentions spatiales, rythmiques\u00a0<br \/>&#8211; mais aussi imaginaire, verbal &#8211; m\u00e9diations d&#8217;objet<\/p><p><strong>\u21d2<\/strong>\u00a0<strong>Ce sont donc des projets psychomoteurs et psychocorporels qui peuvent s&#8217;\u00e9laborer pour accompagner nos partenaires\u00a0<\/strong><br \/><strong>\u2013patients, \u00e9l\u00e8ves- dans un \u00e9largissement de leur nuancier expressif et une meilleure int\u00e9gration psychocorporelle.<\/strong><\/p><p>Objectifs et comp\u00e9tences vis\u00e9es :\u00a0Au terme de la session, le stagiaire saura<\/p><p>&#8211; Rep\u00e9rer les typologies et les modes de fonctionnement qui leur sont li\u00e9s\u00a0<br \/>&#8211; Mobiliser et \u00e9tirer les six cha\u00eenes musculaires\u00a0<br \/>&#8211; Cr\u00e9er des situations qui correspondent aux six grandes structures psychocorporelles li\u00e9es aux cha\u00eenes musculaires \u2212 en exploration individuelle par le mouvement \u2212 en dynamique groupale<img fetchpriority=\"high\" decoding=\"async\" class=\"size-medium wp-image-49 alignright\" src=\"http:\/\/irpecor.fr\/wp-content\/uploads\/2022\/07\/Chaines-silh--300x265.jpg\" alt=\"\" width=\"300\" height=\"265\" \/><br \/>&#8211; Utiliser les m\u00e9diations d&#8217;objet ad\u00e9quates\u00a0<br \/>&#8211; R\u00e9pondre aux besoins individuels et\/ou groupaux en se basant sur la grille des cha\u00eenes musculaires.<\/p>\t\t\t\t\t\t\t\t<\/div>\n\t\t\t\t<\/div>\n\t\t\t\t\t<\/div>\n\t\t<\/div>\n\t\t\t\t\t<\/div>\n\t\t<\/section>\n\t\t\t\t<section class=\"elementor-section elementor-top-section elementor-element elementor-element-d0e16ac animated-slow elementor-section-boxed elementor-section-height-default elementor-section-height-default elementor-invisible\" data-id=\"d0e16ac\" data-element_type=\"section\" data-e-type=\"section\" data-settings=\"{&quot;animation&quot;:&quot;fadeInUp&quot;,&quot;animation_delay&quot;:500}\">\n\t\t\t\t\t\t<div class=\"elementor-container elementor-column-gap-default\">\n\t\t\t\t\t<div class=\"elementor-column elementor-col-100 elementor-top-column elementor-element elementor-element-cda5e9e\" data-id=\"cda5e9e\" data-element_type=\"column\" data-e-type=\"column\">\n\t\t\t<div class=\"elementor-widget-wrap elementor-element-populated\">\n\t\t\t\t\t\t<div class=\"elementor-element elementor-element-734bd32 elementor-widget elementor-widget-text-editor\" data-id=\"734bd32\" data-element_type=\"widget\" data-e-type=\"widget\" data-widget_type=\"text-editor.default\">\n\t\t\t\t<div class=\"elementor-widget-container\">\n\t\t\t\t\t\t\t\t\t<h3>Contenus et m\u00e9thodologie de la formation<\/h3><p><img loading=\"lazy\" decoding=\"async\" class=\"size-medium wp-image-46 alignleft\" src=\"http:\/\/irpecor.fr\/wp-content\/uploads\/2022\/07\/Chaines-AffinPL-130x300.jpg\" alt=\"\" width=\"130\" height=\"300\" \/><strong>Pratique<\/strong>\u00a0: Dispositifs d&#8217;exploration corporelle faisant appel au mouvement aux niveaux individuel et groupal pour exp\u00e9rimenter les dynamiques propres \u00e0 chaque structure\u00a0posturomotrice\u00a0<br \/>&#8211; Rep\u00e9rage des familles musculaires engag\u00e9es dans la posture et dans les mouvements qui en d\u00e9coulent\u00a0<br \/>&#8211; Maniement des m\u00e9diations d&#8217;objet classiques en psychomotricit\u00e9 (b\u00e2ton, balles, fils, tissus) en lien avec les dynamiques li\u00e9es aux cha\u00eenes musculaires<\/p><p><strong>Elaboration<\/strong>\u00a0: Apr\u00e8s chaque exploration, \u00e9valuation de l&#8217;exp\u00e9rience personnelle pour d\u00e9gager les processus mobilis\u00e9s, les objectifs p\u00e9dagogiques et th\u00e9rapeutiques\u00a0<br \/>Pr\u00e9sentation de vignettes cliniques sous forme de documents vid\u00e9o comment\u00e9s\u00a0<br \/>Analyse de situations cliniques propos\u00e9es par les participants (selon demande et possibilit\u00e9s des participants)<\/p><p><img loading=\"lazy\" decoding=\"async\" class=\"size-medium wp-image-45 alignleft\" src=\"http:\/\/irpecor.fr\/wp-content\/uploads\/2022\/07\/Chaines-AffinAM-133x300.jpg\" alt=\"\" width=\"133\" height=\"300\" \/> <img loading=\"lazy\" decoding=\"async\" class=\"size-medium wp-image-44 alignright\" src=\"http:\/\/irpecor.fr\/wp-content\/uploads\/2022\/07\/Chaines-Affin-PM-178x300.jpg\" alt=\"\" width=\"178\" height=\"300\" \/><\/p><p><strong>Synth\u00e8se<\/strong> : Synth\u00e8se th\u00e9orique insistant sur les liens th\u00e9orico-pratiques et pratico-cliniques\u00a0<br \/>Evaluation et analyse des acquis th\u00e9oriques et pratiques Proposition d&#8217;entretien individualis\u00e9 avec les stagiaires pour d\u00e9gager des axes d&#8217;am\u00e9lioration\u00a0<br \/>Suivi post-stage sous forme d&#8217;\u00e9changes internet (entretiens, envois de documents<\/p>\t\t\t\t\t\t\t\t<\/div>\n\t\t\t\t<\/div>\n\t\t\t\t\t<\/div>\n\t\t<\/div>\n\t\t\t\t\t<\/div>\n\t\t<\/section>\n\t\t\t\t<section class=\"elementor-section elementor-top-section elementor-element elementor-element-b188dd5 animated-slow elementor-section-boxed elementor-section-height-default elementor-section-height-default elementor-invisible\" data-id=\"b188dd5\" data-element_type=\"section\" data-e-type=\"section\" data-settings=\"{&quot;animation&quot;:&quot;fadeIn&quot;,&quot;animation_delay&quot;:500}\">\n\t\t\t\t\t\t<div class=\"elementor-container elementor-column-gap-default\">\n\t\t\t\t\t<div class=\"elementor-column elementor-col-100 elementor-top-column elementor-element elementor-element-92265f9\" data-id=\"92265f9\" data-element_type=\"column\" data-e-type=\"column\">\n\t\t\t<div class=\"elementor-widget-wrap elementor-element-populated\">\n\t\t\t\t\t\t<div class=\"elementor-element elementor-element-d5581d6 elementor-widget elementor-widget-text-editor\" data-id=\"d5581d6\" data-element_type=\"widget\" data-e-type=\"widget\" data-widget_type=\"text-editor.default\">\n\t\t\t\t<div class=\"elementor-widget-container\">\n\t\t\t\t\t\t\t\t\t<h3>Moyens techniques et p\u00e9dagogiques<\/h3><p><strong style=\"font-size: 16px;\">L&#8217;exp\u00e9rimentation est le pilier de notre p\u00e9dagogie<\/strong><span style=\"font-size: 16px;\">, articul\u00e9e imm\u00e9diatement avec la th\u00e9orie et menant directement \u00e0 des liens dans la pratique professionnelle.\u00a0<\/span><br \/>Documents p\u00e9dagogiques :\u00a0<\/p><p><img loading=\"lazy\" decoding=\"async\" class=\"size-full wp-image-48 alignright\" style=\"font-family: var( --e-global-typography-text-font-family ), Sans-serif; font-weight: var( --e-global-typography-text-font-weight ); font-size: 12px; caret-color: #000000; color: #000000; letter-spacing: normal;\" src=\"http:\/\/irpecor.fr\/wp-content\/uploads\/2022\/07\/Chaines-Fleches.jpg\" alt=\"\" width=\"98\" height=\"252\" \/><br \/>&#8211; Avant la session : Notes pr\u00e9alables envoy\u00e9es deux semaines avant la session\u00a0<br \/>&#8211; Pendant la session : Documents et mat\u00e9riel anatomique \u00e0 disposition\u00a0<br \/>Documents vid\u00e9o cliniques pour permettre au stagiaire d&#8217;\u00e9tablir des liens entre le travail propos\u00e9 et sa pratique professionnelle (qu&#8217;elle soit clinique, \u00e9ducative ou p\u00e9dagogique).\u00a0<br \/>&#8211; Apr\u00e8s la session (envoi internet ou r\u00e9cup\u00e9rable sur place sur cl\u00e9 USB) :\u00a0<br \/>\u2212 Livret technique\u00a0<br \/>\u2212 articles compl\u00e9mentaires selon les demandes sp\u00e9cifiques des stagiaires\u00a0<br \/>\u2212 R\u00e9f\u00e9rences musicales utilis\u00e9es \u2212 Bibliographie de r\u00e9f\u00e9rence et liens consultables sur le web<\/p>\t\t\t\t\t\t\t\t<\/div>\n\t\t\t\t<\/div>\n\t\t\t\t\t<\/div>\n\t\t<\/div>\n\t\t\t\t\t<\/div>\n\t\t<\/section>\n\t\t\t\t<section class=\"elementor-section elementor-top-section elementor-element elementor-element-57df30f animated-slow elementor-section-boxed elementor-section-height-default elementor-section-height-default elementor-invisible\" data-id=\"57df30f\" data-element_type=\"section\" data-e-type=\"section\" data-settings=\"{&quot;animation&quot;:&quot;fadeInUp&quot;,&quot;animation_delay&quot;:500}\">\n\t\t\t\t\t\t<div class=\"elementor-container elementor-column-gap-default\">\n\t\t\t\t\t<div class=\"elementor-column elementor-col-50 elementor-top-column elementor-element elementor-element-c4f4887\" data-id=\"c4f4887\" data-element_type=\"column\" data-e-type=\"column\">\n\t\t\t<div class=\"elementor-widget-wrap elementor-element-populated\">\n\t\t\t\t\t\t<div class=\"elementor-element elementor-element-3752f69 elementor-widget elementor-widget-text-editor\" data-id=\"3752f69\" data-element_type=\"widget\" data-e-type=\"widget\" data-widget_type=\"text-editor.default\">\n\t\t\t\t<div class=\"elementor-widget-container\">\n\t\t\t\t\t\t\t\t\t<h3>Modalit\u00e9s et sanction de la formation<\/h3><ul><li>Feuilles de pr\u00e9sence sign\u00e9es chaque demi-journ\u00e9e par les stagiaires et le formateur<\/li><li>Attestation de pr\u00e9sence individuelle<\/li><li>Evaluation au cours de la formation : guidance personnalis\u00e9e lors des pratiques et entretien\/\u00e9valuation portant sur l&#8217;\u00e9laboration th\u00e9orico-clinique<\/li><li>Auto-\u00e9valuation des stagiaires en fin de stage par questionnaire de satisfaction \u00e0 chaud et \u00e0 froid\u00a0(bilan p\u00e9dagogique et bilan administratif)<\/li><li>Suivi post-stage sous forme d&#8217;\u00e9change de mail (ou par t\u00e9l\u00e9phone ou visiocontact internet) \u00a0: analyse de pratique et communication de documents compl\u00e9mentaires personnalis\u00e9s<\/li><\/ul>\t\t\t\t\t\t\t\t<\/div>\n\t\t\t\t<\/div>\n\t\t\t\t\t<\/div>\n\t\t<\/div>\n\t\t\t\t<div class=\"elementor-column elementor-col-50 elementor-top-column elementor-element elementor-element-233e3b6\" data-id=\"233e3b6\" data-element_type=\"column\" data-e-type=\"column\">\n\t\t\t<div class=\"elementor-widget-wrap elementor-element-populated\">\n\t\t\t\t\t\t<div class=\"elementor-element elementor-element-cea8abc elementor-widget elementor-widget-text-editor\" data-id=\"cea8abc\" data-element_type=\"widget\" data-e-type=\"widget\" data-widget_type=\"text-editor.default\">\n\t\t\t\t<div class=\"elementor-widget-container\">\n\t\t\t\t\t\t\t\t\t<h3>Public er Pr\u00e9-Requis\u00a0:<\/h3><p>Professionnels de la relation d&#8217;aide engageant une m\u00e9diation corporelle.<\/p><ul><li>Sont particuli\u00e8rement concern\u00e9s les psychomotriciens, \u00e9ducateurs, infirmiers et autres param\u00e9dicaux qui souhaitent mettre en place des groupes de Danse-Th\u00e9rapie ou de travail corporel en institution.<\/li><li>Enseignants en danse ou techniques de mouvement<\/li><li>Danseurs ou artistes qui souhaitent travailler en milieu institutionnel dans une vis\u00e9e th\u00e9rapeutique ou psychop\u00e9dagogique<\/li><\/ul><p><strong>Aucun niveau technique n&#8217;est requis \/\u00a0<\/strong><strong>Niveau d&#8217;\u00e9tudes : bac ou \u00e9quivalent conseill\u00e9<\/strong><\/p>\t\t\t\t\t\t\t\t<\/div>\n\t\t\t\t<\/div>\n\t\t\t\t\t<\/div>\n\t\t<\/div>\n\t\t\t\t\t<\/div>\n\t\t<\/section>\n\t\t\t\t<section class=\"elementor-section elementor-top-section elementor-element elementor-element-ece8a96 animated-slow elementor-section-boxed elementor-section-height-default elementor-section-height-default elementor-invisible\" data-id=\"ece8a96\" data-element_type=\"section\" data-e-type=\"section\" data-settings=\"{&quot;animation&quot;:&quot;fadeIn&quot;,&quot;animation_delay&quot;:500}\">\n\t\t\t\t\t\t<div class=\"elementor-container elementor-column-gap-default\">\n\t\t\t\t\t<div class=\"elementor-column elementor-col-50 elementor-top-column elementor-element elementor-element-feccb50\" data-id=\"feccb50\" data-element_type=\"column\" data-e-type=\"column\">\n\t\t\t<div class=\"elementor-widget-wrap elementor-element-populated\">\n\t\t\t\t\t\t<div class=\"elementor-element elementor-element-b9f319f elementor-widget elementor-widget-text-editor\" data-id=\"b9f319f\" data-element_type=\"widget\" data-e-type=\"widget\" data-widget_type=\"text-editor.default\">\n\t\t\t\t<div class=\"elementor-widget-container\">\n\t\t\t\t\t\t\t\t\t<h4><span style=\"font-size: 10pt;\"><strong>Horaires :\u00a0<\/strong><\/span><\/h4><p><span style=\"font-size: 10pt;\">9h-12h30 et 14h-18h00 (pauses 20 minutes en milieu de chaque demi-journ\u00e9e)<\/span><span style=\"font-size: 10pt;\">\u00a0J1 d\u00e9but \u00e0 10h et J5 : 9h-17h00<\/span><\/p><h4><span style=\"font-size: 10pt;\"><strong>Lieu :<\/strong>\u00a0<\/span><\/h4><p><span style=\"font-size: 10pt;\">Voir pr\u00e9sentation d\u00e9taill\u00e9e<\/span><\/p><h4><span style=\"font-size: 10pt;\"><strong>Dur\u00e9e du stage<\/strong>\u00a0:<\/span><\/h4><p><span style=\"font-size: 10pt;\">38 h \/ session\u00a0<\/span><\/p>\t\t\t\t\t\t\t\t<\/div>\n\t\t\t\t<\/div>\n\t\t\t\t<div class=\"elementor-element elementor-element-c81dfd2 elementor-widget elementor-widget-text-editor\" data-id=\"c81dfd2\" data-element_type=\"widget\" data-e-type=\"widget\" data-widget_type=\"text-editor.default\">\n\t\t\t\t<div class=\"elementor-widget-container\">\n\t\t\t\t\t\t\t\t\t<h4><span style=\"font-size: 10pt;\"><strong>Co\u00fbt p\u00e9dagogique<\/strong>\u00a0:<\/span><\/h4><p><span style=\"font-size: 10pt;\">Prise en charge employeur : 1000\u20ac<\/span><br \/><span style=\"font-size: 10pt;\">Lib\u00e9raux pris en charge (FIFPL&#8230;) : 850\u20ac<\/span><br \/><span style=\"font-size: 10pt;\">Individuels auto-financ\u00e9s : 500\u20ac<\/span><\/p>\t\t\t\t\t\t\t\t<\/div>\n\t\t\t\t<\/div>\n\t\t\t\t\t<\/div>\n\t\t<\/div>\n\t\t\t\t<div class=\"elementor-column elementor-col-50 elementor-top-column elementor-element elementor-element-466cd93\" data-id=\"466cd93\" data-element_type=\"column\" data-e-type=\"column\">\n\t\t\t<div class=\"elementor-widget-wrap elementor-element-populated\">\n\t\t\t\t\t\t<div class=\"elementor-element elementor-element-065094b elementor-widget elementor-widget-text-editor\" data-id=\"065094b\" data-element_type=\"widget\" data-e-type=\"widget\" data-widget_type=\"text-editor.default\">\n\t\t\t\t<div class=\"elementor-widget-container\">\n\t\t\t\t\t\t\t\t\t<h4>Formateur :\u00a0<\/h4><p>\u00a0<strong>Beno\u00eet LESAGE<\/strong>\u00a0<\/p><p><img loading=\"lazy\" decoding=\"async\" class=\"size-medium wp-image-95 alignright\" src=\"http:\/\/irpecor.fr\/wp-content\/uploads\/2022\/07\/Portrait-Lesage-2-R-222x300.jpg\" alt=\"\" width=\"222\" height=\"300\" srcset=\"https:\/\/irpecor.fr\/wp-content\/uploads\/2022\/07\/Portrait-Lesage-2-R-222x300.jpg 222w, https:\/\/irpecor.fr\/wp-content\/uploads\/2022\/07\/Portrait-Lesage-2-R-758x1024.jpg 758w, https:\/\/irpecor.fr\/wp-content\/uploads\/2022\/07\/Portrait-Lesage-2-R-768x1038.jpg 768w, https:\/\/irpecor.fr\/wp-content\/uploads\/2022\/07\/Portrait-Lesage-2-R.jpg 1081w\" sizes=\"(max-width: 222px) 100vw, 222px\" \/><\/p>\t\t\t\t\t\t\t\t<\/div>\n\t\t\t\t<\/div>\n\t\t\t\t\t<\/div>\n\t\t<\/div>\n\t\t\t\t\t<\/div>\n\t\t<\/section>\n\t\t\t\t<section class=\"elementor-section elementor-top-section elementor-element elementor-element-8d24104 elementor-section-boxed elementor-section-height-default elementor-section-height-default\" data-id=\"8d24104\" data-element_type=\"section\" data-e-type=\"section\">\n\t\t\t\t\t\t<div class=\"elementor-container elementor-column-gap-default\">\n\t\t\t\t\t<div class=\"elementor-column elementor-col-50 elementor-top-column elementor-element elementor-element-c4b3b33\" data-id=\"c4b3b33\" data-element_type=\"column\" data-e-type=\"column\">\n\t\t\t<div class=\"elementor-widget-wrap elementor-element-populated\">\n\t\t\t\t\t\t<div class=\"elementor-element elementor-element-a7694c0 elementor-widget elementor-widget-text-editor\" data-id=\"a7694c0\" data-element_type=\"widget\" data-e-type=\"widget\" data-widget_type=\"text-editor.default\">\n\t\t\t\t<div class=\"elementor-widget-container\">\n\t\t\t\t\t\t\t\t\t<p><a href=\"http:\/\/irpecor.fr\/wp-content\/uploads\/2022\/10\/Chaines-2023-.pdf\"><strong>Pr\u00e9sentation d\u00e9taill\u00e9e<\/strong><\/a><\/p>\t\t\t\t\t\t\t\t<\/div>\n\t\t\t\t<\/div>\n\t\t\t\t\t<\/div>\n\t\t<\/div>\n\t\t\t\t<div class=\"elementor-column elementor-col-50 elementor-top-column elementor-element elementor-element-0eb1043\" data-id=\"0eb1043\" data-element_type=\"column\" data-e-type=\"column\">\n\t\t\t<div class=\"elementor-widget-wrap elementor-element-populated\">\n\t\t\t\t\t\t<div class=\"elementor-element elementor-element-2594ad9 elementor-widget elementor-widget-text-editor\" data-id=\"2594ad9\" data-element_type=\"widget\" data-e-type=\"widget\" data-widget_type=\"text-editor.default\">\n\t\t\t\t<div class=\"elementor-widget-container\">\n\t\t\t\t\t\t\t\t\t<p><span style=\"font-size: 10pt;\"><a href=\"http:\/\/irpecor.fr\/index.php\/qui-sommes-nous\/\" target=\"_blank\" rel=\"noopener\">Voir Profil<\/a><\/span><\/p>\t\t\t\t\t\t\t\t<\/div>\n\t\t\t\t<\/div>\n\t\t\t\t\t<\/div>\n\t\t<\/div>\n\t\t\t\t\t<\/div>\n\t\t<\/section>\n\t\t\t\t<section class=\"elementor-section elementor-top-section elementor-element elementor-element-3a9bc71 elementor-section-full_width elementor-section-stretched elementor-section-height-default elementor-section-height-default\" data-id=\"3a9bc71\" data-element_type=\"section\" data-e-type=\"section\" data-settings=\"{&quot;stretch_section&quot;:&quot;section-stretched&quot;,&quot;background_background&quot;:&quot;classic&quot;,&quot;shape_divider_top&quot;:&quot;clouds&quot;,&quot;shape_divider_bottom&quot;:&quot;mountains&quot;}\">\n\t\t\t\t\t<div class=\"elementor-shape elementor-shape-top\" aria-hidden=\"true\" data-negative=\"false\">\n\t\t\t<svg xmlns=\"http:\/\/www.w3.org\/2000\/svg\" viewBox=\"0 0 283.5 27.8\" preserveAspectRatio=\"xMidYMax slice\">\n  <path class=\"elementor-shape-fill\" d=\"M0 0v6.7c1.9-.8 4.7-1.4 8.5-1 9.5 1.1 11.1 6 11.1 6s2.1-.7 4.3-.2c2.1.5 2.8 2.6 2.8 2.6s.2-.5 1.4-.7c1.2-.2 1.7.2 1.7.2s0-2.1 1.9-2.8c1.9-.7 3.6.7 3.6.7s.7-2.9 3.1-4.1 4.7 0 4.7 0 1.2-.5 2.4 0 1.7 1.4 1.7 1.4h1.4c.7 0 1.2.7 1.2.7s.8-1.8 4-2.2c3.5-.4 5.3 2.4 6.2 4.4.4-.4 1-.7 1.8-.9 2.8-.7 4 .7 4 .7s1.7-5 11.1-6c9.5-1.1 12.3 3.9 12.3 3.9s1.2-4.8 5.7-5.7c4.5-.9 6.8 1.8 6.8 1.8s.6-.6 1.5-.9c.9-.2 1.9-.2 1.9-.2s5.2-6.4 12.6-3.3c7.3 3.1 4.7 9 4.7 9s1.9-.9 4 0 2.8 2.4 2.8 2.4 1.9-1.2 4.5-1.2 4.3 1.2 4.3 1.2.2-1 1.4-1.7 2.1-.7 2.1-.7-.5-3.1 2.1-5.5 5.7-1.4 5.7-1.4 1.5-2.3 4.2-1.1c2.7 1.2 1.7 5.2 1.7 5.2s.3-.1 1.3.5c.5.4.8.8.9 1.1.5-1.4 2.4-5.8 8.4-4 7.1 2.1 3.5 8.9 3.5 8.9s.8-.4 2 0 1.1 1.1 1.1 1.1 1.1-1.1 2.3-1.1 2.1.5 2.1.5 1.9-3.6 6.2-1.2 1.9 6.4 1.9 6.4 2.6-2.4 7.4 0c3.4 1.7 3.9 4.9 3.9 4.9s3.3-6.9 10.4-7.9 11.5 2.6 11.5 2.6.8 0 1.2.2c.4.2.9.9.9.9s4.4-3.1 8.3.2c1.9 1.7 1.5 5 1.5 5s.3-1.1 1.6-1.4c1.3-.3 2.3.2 2.3.2s-.1-1.2.5-1.9 1.9-.9 1.9-.9-4.7-9.3 4.4-13.4c5.6-2.5 9.2.9 9.2.9s5-6.2 15.9-6.2 16.1 8.1 16.1 8.1.7-.2 1.6-.4V0H0z\"\/>\n<\/svg>\n\t\t<\/div>\n\t\t\t\t<div class=\"elementor-shape elementor-shape-bottom\" aria-hidden=\"true\" data-negative=\"false\">\n\t\t\t<svg xmlns=\"http:\/\/www.w3.org\/2000\/svg\" viewBox=\"0 0 1000 100\" preserveAspectRatio=\"none\">\n\t<path class=\"elementor-shape-fill\" opacity=\"0.33\" d=\"M473,67.3c-203.9,88.3-263.1-34-320.3,0C66,119.1,0,59.7,0,59.7V0h1000v59.7 c0,0-62.1,26.1-94.9,29.3c-32.8,3.3-62.8-12.3-75.8-22.1C806,49.6,745.3,8.7,694.9,4.7S492.4,59,473,67.3z\"\/>\n\t<path class=\"elementor-shape-fill\" opacity=\"0.66\" d=\"M734,67.3c-45.5,0-77.2-23.2-129.1-39.1c-28.6-8.7-150.3-10.1-254,39.1 s-91.7-34.4-149.2,0C115.7,118.3,0,39.8,0,39.8V0h1000v36.5c0,0-28.2-18.5-92.1-18.5C810.2,18.1,775.7,67.3,734,67.3z\"\/>\n\t<path class=\"elementor-shape-fill\" d=\"M766.1,28.9c-200-57.5-266,65.5-395.1,19.5C242,1.8,242,5.4,184.8,20.6C128,35.8,132.3,44.9,89.9,52.5C28.6,63.7,0,0,0,0 h1000c0,0-9.9,40.9-83.6,48.1S829.6,47,766.1,28.9z\"\/>\n<\/svg>\t\t<\/div>\n\t\t\t\t\t<div class=\"elementor-container elementor-column-gap-default\">\n\t\t\t\t\t<div class=\"elementor-column elementor-col-100 elementor-top-column elementor-element elementor-element-fdfc438\" data-id=\"fdfc438\" data-element_type=\"column\" data-e-type=\"column\">\n\t\t\t<div class=\"elementor-widget-wrap elementor-element-populated\">\n\t\t\t\t\t\t<div class=\"elementor-element elementor-element-d5e21d3 elementor-widget elementor-widget-button\" data-id=\"d5e21d3\" data-element_type=\"widget\" data-e-type=\"widget\" data-widget_type=\"button.default\">\n\t\t\t\t<div class=\"elementor-widget-container\">\n\t\t\t\t\t\t\t\t\t<div class=\"elementor-button-wrapper\">\n\t\t\t\t\t<a class=\"elementor-button elementor-button-link elementor-size-sm\" href=\"http:\/\/irpecor.fr\/index.php\/liste-des-formations-irpecor-2022-2023\/\">\n\t\t\t\t\t\t<span class=\"elementor-button-content-wrapper\">\n\t\t\t\t\t\t\t\t\t<span class=\"elementor-button-text\">Retour<\/span>\n\t\t\t\t\t<\/span>\n\t\t\t\t\t<\/a>\n\t\t\t\t<\/div>\n\t\t\t\t\t\t\t\t<\/div>\n\t\t\t\t<\/div>\n\t\t\t\t\t<\/div>\n\t\t<\/div>\n\t\t\t\t\t<\/div>\n\t\t<\/section>\n\t\t\t\t<\/div>\n\t\t","protected":false},"excerpt":{"rendered":"<p>Retour Expressivit\u00e9, relation d&#8217;aide et chaines musculaires Pr\u00e9sentation Pr\u00e9sentation d\u00e9taill\u00e9e avec programme et fiche inscription t\u00e9l\u00e9chargeable apr\u00e8s la pr\u00e9sentation \u00a0\u00a0 \u00a0 Par [&hellip;]<\/p>\n","protected":false},"author":1,"featured_media":0,"parent":0,"menu_order":0,"comment_status":"closed","ping_status":"closed","template":"elementor_header_footer","meta":{"footnotes":""},"class_list":["post-955","page","type-page","status-publish","hentry"],"yoast_head":"<!-- This site is optimized with the Yoast SEO plugin v27.5 - https:\/\/yoast.com\/product\/yoast-seo-wordpress\/ -->\n<title>Expressivit\u00e9, relation d&#039;aide et chaines musculaires - Irpecor<\/title>\n<meta name=\"description\" content=\"Par cha\u00eenes musculaires on entend des groupes de muscles qui travaillent ensemble pour organiser la posture.Or nos postures sont nos fa\u00e7ons de nous poser, d\u2019\u00eatre l\u00e0, plus ou moins ouvert, r\u00e9serv\u00e9, d\u2019engager une direction, de nous d\u00e9tourner, d\u2019affirmer, de recevoir.\" \/>\n<meta name=\"robots\" content=\"index, follow, max-snippet:-1, max-image-preview:large, max-video-preview:-1\" \/>\n<link rel=\"canonical\" href=\"http:\/\/irpecor.fr\/index.php\/expressivite-relation-daide-et-chaines-musculaires\/\" \/>\n<meta property=\"og:locale\" content=\"fr_FR\" \/>\n<meta property=\"og:type\" content=\"article\" \/>\n<meta property=\"og:title\" content=\"Expressivit\u00e9, relation d&#039;aide et chaines musculaires - Irpecor\" \/>\n<meta property=\"og:description\" content=\"Par cha\u00eenes musculaires on entend des groupes de muscles qui travaillent ensemble pour organiser la posture.Or nos postures sont nos fa\u00e7ons de nous poser, d\u2019\u00eatre l\u00e0, plus ou moins ouvert, r\u00e9serv\u00e9, d\u2019engager une direction, de nous d\u00e9tourner, d\u2019affirmer, de recevoir.\" \/>\n<meta property=\"og:url\" content=\"http:\/\/irpecor.fr\/index.php\/expressivite-relation-daide-et-chaines-musculaires\/\" \/>\n<meta property=\"og:site_name\" content=\"Irpecor\" \/>\n<meta property=\"article:publisher\" content=\"https:\/\/www.facebook.com\/benoitlesageirpecor\" \/>\n<meta property=\"article:modified_time\" content=\"2023-05-21T16:50:47+00:00\" \/>\n<meta property=\"og:image\" content=\"http:\/\/irpecor.fr\/wp-content\/uploads\/2022\/07\/Chaines-silh-PM-141x300.jpg\" \/>\n<meta name=\"twitter:card\" content=\"summary_large_image\" \/>\n<meta name=\"twitter:label1\" content=\"Dur\u00e9e de lecture estim\u00e9e\" \/>\n\t<meta name=\"twitter:data1\" content=\"6 minutes\" \/>\n<script type=\"application\/ld+json\" class=\"yoast-schema-graph\">{\"@context\":\"https:\\\/\\\/schema.org\",\"@graph\":[{\"@type\":\"WebPage\",\"@id\":\"http:\\\/\\\/irpecor.fr\\\/index.php\\\/expressivite-relation-daide-et-chaines-musculaires\\\/\",\"url\":\"http:\\\/\\\/irpecor.fr\\\/index.php\\\/expressivite-relation-daide-et-chaines-musculaires\\\/\",\"name\":\"Expressivit\u00e9, relation d'aide et chaines musculaires - Irpecor\",\"isPartOf\":{\"@id\":\"https:\\\/\\\/irpecor.fr\\\/#website\"},\"primaryImageOfPage\":{\"@id\":\"http:\\\/\\\/irpecor.fr\\\/index.php\\\/expressivite-relation-daide-et-chaines-musculaires\\\/#primaryimage\"},\"image\":{\"@id\":\"http:\\\/\\\/irpecor.fr\\\/index.php\\\/expressivite-relation-daide-et-chaines-musculaires\\\/#primaryimage\"},\"thumbnailUrl\":\"http:\\\/\\\/irpecor.fr\\\/wp-content\\\/uploads\\\/2022\\\/07\\\/Chaines-silh-PM-141x300.jpg\",\"datePublished\":\"2022-07-24T11:15:15+00:00\",\"dateModified\":\"2023-05-21T16:50:47+00:00\",\"description\":\"Par cha\u00eenes musculaires on entend des groupes de muscles qui travaillent ensemble pour organiser la posture.Or nos postures sont nos fa\u00e7ons de nous poser, d\u2019\u00eatre l\u00e0, plus ou moins ouvert, r\u00e9serv\u00e9, d\u2019engager une direction, de nous d\u00e9tourner, d\u2019affirmer, de recevoir.\",\"breadcrumb\":{\"@id\":\"http:\\\/\\\/irpecor.fr\\\/index.php\\\/expressivite-relation-daide-et-chaines-musculaires\\\/#breadcrumb\"},\"inLanguage\":\"fr-FR\",\"potentialAction\":[{\"@type\":\"ReadAction\",\"target\":[\"http:\\\/\\\/irpecor.fr\\\/index.php\\\/expressivite-relation-daide-et-chaines-musculaires\\\/\"]}]},{\"@type\":\"ImageObject\",\"inLanguage\":\"fr-FR\",\"@id\":\"http:\\\/\\\/irpecor.fr\\\/index.php\\\/expressivite-relation-daide-et-chaines-musculaires\\\/#primaryimage\",\"url\":\"\",\"contentUrl\":\"\"},{\"@type\":\"BreadcrumbList\",\"@id\":\"http:\\\/\\\/irpecor.fr\\\/index.php\\\/expressivite-relation-daide-et-chaines-musculaires\\\/#breadcrumb\",\"itemListElement\":[{\"@type\":\"ListItem\",\"position\":1,\"name\":\"Accueil\",\"item\":\"https:\\\/\\\/irpecor.fr\\\/\"},{\"@type\":\"ListItem\",\"position\":2,\"name\":\"Expressivit\u00e9, relation d&#8217;aide et chaines musculaires\"}]},{\"@type\":\"WebSite\",\"@id\":\"https:\\\/\\\/irpecor.fr\\\/#website\",\"url\":\"https:\\\/\\\/irpecor.fr\\\/\",\"name\":\"Irpecor\",\"description\":\"Structuration corporelle et danse th\u00e9rapie\",\"publisher\":{\"@id\":\"https:\\\/\\\/irpecor.fr\\\/#organization\"},\"potentialAction\":[{\"@type\":\"SearchAction\",\"target\":{\"@type\":\"EntryPoint\",\"urlTemplate\":\"https:\\\/\\\/irpecor.fr\\\/?s={search_term_string}\"},\"query-input\":{\"@type\":\"PropertyValueSpecification\",\"valueRequired\":true,\"valueName\":\"search_term_string\"}}],\"inLanguage\":\"fr-FR\"},{\"@type\":\"Organization\",\"@id\":\"https:\\\/\\\/irpecor.fr\\\/#organization\",\"name\":\"Irpecor\",\"url\":\"https:\\\/\\\/irpecor.fr\\\/\",\"logo\":{\"@type\":\"ImageObject\",\"inLanguage\":\"fr-FR\",\"@id\":\"https:\\\/\\\/irpecor.fr\\\/#\\\/schema\\\/logo\\\/image\\\/\",\"url\":\"https:\\\/\\\/irpecor.fr\\\/wp-content\\\/uploads\\\/2022\\\/07\\\/cropped-cropped-logo_irpecor.gif\",\"contentUrl\":\"https:\\\/\\\/irpecor.fr\\\/wp-content\\\/uploads\\\/2022\\\/07\\\/cropped-cropped-logo_irpecor.gif\",\"width\":132,\"height\":111,\"caption\":\"Irpecor\"},\"image\":{\"@id\":\"https:\\\/\\\/irpecor.fr\\\/#\\\/schema\\\/logo\\\/image\\\/\"},\"sameAs\":[\"https:\\\/\\\/www.facebook.com\\\/benoitlesageirpecor\"]}]}<\/script>\n<!-- \/ Yoast SEO plugin. -->","yoast_head_json":{"title":"Expressivit\u00e9, relation d'aide et chaines musculaires - Irpecor","description":"Par cha\u00eenes musculaires on entend des groupes de muscles qui travaillent ensemble pour organiser la posture.Or nos postures sont nos fa\u00e7ons de nous poser, d\u2019\u00eatre l\u00e0, plus ou moins ouvert, r\u00e9serv\u00e9, d\u2019engager une direction, de nous d\u00e9tourner, d\u2019affirmer, de recevoir.","robots":{"index":"index","follow":"follow","max-snippet":"max-snippet:-1","max-image-preview":"max-image-preview:large","max-video-preview":"max-video-preview:-1"},"canonical":"http:\/\/irpecor.fr\/index.php\/expressivite-relation-daide-et-chaines-musculaires\/","og_locale":"fr_FR","og_type":"article","og_title":"Expressivit\u00e9, relation d'aide et chaines musculaires - Irpecor","og_description":"Par cha\u00eenes musculaires on entend des groupes de muscles qui travaillent ensemble pour organiser la posture.Or nos postures sont nos fa\u00e7ons de nous poser, d\u2019\u00eatre l\u00e0, plus ou moins ouvert, r\u00e9serv\u00e9, d\u2019engager une direction, de nous d\u00e9tourner, d\u2019affirmer, de recevoir.","og_url":"http:\/\/irpecor.fr\/index.php\/expressivite-relation-daide-et-chaines-musculaires\/","og_site_name":"Irpecor","article_publisher":"https:\/\/www.facebook.com\/benoitlesageirpecor","article_modified_time":"2023-05-21T16:50:47+00:00","og_image":[{"url":"http:\/\/irpecor.fr\/wp-content\/uploads\/2022\/07\/Chaines-silh-PM-141x300.jpg","type":"","width":"","height":""}],"twitter_card":"summary_large_image","twitter_misc":{"Dur\u00e9e de lecture estim\u00e9e":"6 minutes"},"schema":{"@context":"https:\/\/schema.org","@graph":[{"@type":"WebPage","@id":"http:\/\/irpecor.fr\/index.php\/expressivite-relation-daide-et-chaines-musculaires\/","url":"http:\/\/irpecor.fr\/index.php\/expressivite-relation-daide-et-chaines-musculaires\/","name":"Expressivit\u00e9, relation d'aide et chaines musculaires - Irpecor","isPartOf":{"@id":"https:\/\/irpecor.fr\/#website"},"primaryImageOfPage":{"@id":"http:\/\/irpecor.fr\/index.php\/expressivite-relation-daide-et-chaines-musculaires\/#primaryimage"},"image":{"@id":"http:\/\/irpecor.fr\/index.php\/expressivite-relation-daide-et-chaines-musculaires\/#primaryimage"},"thumbnailUrl":"http:\/\/irpecor.fr\/wp-content\/uploads\/2022\/07\/Chaines-silh-PM-141x300.jpg","datePublished":"2022-07-24T11:15:15+00:00","dateModified":"2023-05-21T16:50:47+00:00","description":"Par cha\u00eenes musculaires on entend des groupes de muscles qui travaillent ensemble pour organiser la posture.Or nos postures sont nos fa\u00e7ons de nous poser, d\u2019\u00eatre l\u00e0, plus ou moins ouvert, r\u00e9serv\u00e9, d\u2019engager une direction, de nous d\u00e9tourner, d\u2019affirmer, de recevoir.","breadcrumb":{"@id":"http:\/\/irpecor.fr\/index.php\/expressivite-relation-daide-et-chaines-musculaires\/#breadcrumb"},"inLanguage":"fr-FR","potentialAction":[{"@type":"ReadAction","target":["http:\/\/irpecor.fr\/index.php\/expressivite-relation-daide-et-chaines-musculaires\/"]}]},{"@type":"ImageObject","inLanguage":"fr-FR","@id":"http:\/\/irpecor.fr\/index.php\/expressivite-relation-daide-et-chaines-musculaires\/#primaryimage","url":"","contentUrl":""},{"@type":"BreadcrumbList","@id":"http:\/\/irpecor.fr\/index.php\/expressivite-relation-daide-et-chaines-musculaires\/#breadcrumb","itemListElement":[{"@type":"ListItem","position":1,"name":"Accueil","item":"https:\/\/irpecor.fr\/"},{"@type":"ListItem","position":2,"name":"Expressivit\u00e9, relation d&#8217;aide et chaines musculaires"}]},{"@type":"WebSite","@id":"https:\/\/irpecor.fr\/#website","url":"https:\/\/irpecor.fr\/","name":"Irpecor","description":"Structuration corporelle et danse th\u00e9rapie","publisher":{"@id":"https:\/\/irpecor.fr\/#organization"},"potentialAction":[{"@type":"SearchAction","target":{"@type":"EntryPoint","urlTemplate":"https:\/\/irpecor.fr\/?s={search_term_string}"},"query-input":{"@type":"PropertyValueSpecification","valueRequired":true,"valueName":"search_term_string"}}],"inLanguage":"fr-FR"},{"@type":"Organization","@id":"https:\/\/irpecor.fr\/#organization","name":"Irpecor","url":"https:\/\/irpecor.fr\/","logo":{"@type":"ImageObject","inLanguage":"fr-FR","@id":"https:\/\/irpecor.fr\/#\/schema\/logo\/image\/","url":"https:\/\/irpecor.fr\/wp-content\/uploads\/2022\/07\/cropped-cropped-logo_irpecor.gif","contentUrl":"https:\/\/irpecor.fr\/wp-content\/uploads\/2022\/07\/cropped-cropped-logo_irpecor.gif","width":132,"height":111,"caption":"Irpecor"},"image":{"@id":"https:\/\/irpecor.fr\/#\/schema\/logo\/image\/"},"sameAs":["https:\/\/www.facebook.com\/benoitlesageirpecor"]}]}},"_links":{"self":[{"href":"https:\/\/irpecor.fr\/index.php\/wp-json\/wp\/v2\/pages\/955","targetHints":{"allow":["GET"]}}],"collection":[{"href":"https:\/\/irpecor.fr\/index.php\/wp-json\/wp\/v2\/pages"}],"about":[{"href":"https:\/\/irpecor.fr\/index.php\/wp-json\/wp\/v2\/types\/page"}],"author":[{"embeddable":true,"href":"https:\/\/irpecor.fr\/index.php\/wp-json\/wp\/v2\/users\/1"}],"replies":[{"embeddable":true,"href":"https:\/\/irpecor.fr\/index.php\/wp-json\/wp\/v2\/comments?post=955"}],"version-history":[{"count":136,"href":"https:\/\/irpecor.fr\/index.php\/wp-json\/wp\/v2\/pages\/955\/revisions"}],"predecessor-version":[{"id":4730,"href":"https:\/\/irpecor.fr\/index.php\/wp-json\/wp\/v2\/pages\/955\/revisions\/4730"}],"wp:attachment":[{"href":"https:\/\/irpecor.fr\/index.php\/wp-json\/wp\/v2\/media?parent=955"}],"curies":[{"name":"wp","href":"https:\/\/api.w.org\/{rel}","templated":true}]}}