{"id":1288,"date":"2022-07-24T22:05:53","date_gmt":"2022-07-24T20:05:53","guid":{"rendered":"http:\/\/irpecor.fr\/?page_id=1288"},"modified":"2022-09-22T11:55:12","modified_gmt":"2022-09-22T09:55:12","slug":"cycle-dapprofondissement-chaines-musculai","status":"publish","type":"page","link":"https:\/\/irpecor.fr\/index.php\/liste-des-formations-irpecor-2022-2023\/cycle-dapprofondissement-chaines-musculai\/","title":{"rendered":"Cycle d&#8217;approfondissement Chaines Musculaires"},"content":{"rendered":"\t\t<div data-elementor-type=\"wp-page\" data-elementor-id=\"1288\" class=\"elementor elementor-1288\">\n\t\t\t\t\t\t<section class=\"elementor-section elementor-top-section elementor-element elementor-element-0deaf33 elementor-section-full_width elementor-section-stretched animated-slow elementor-section-height-default elementor-section-height-default elementor-invisible\" data-id=\"0deaf33\" data-element_type=\"section\" data-e-type=\"section\" data-settings=\"{&quot;stretch_section&quot;:&quot;section-stretched&quot;,&quot;background_background&quot;:&quot;slideshow&quot;,&quot;background_slideshow_gallery&quot;:[{&quot;id&quot;:149,&quot;url&quot;:&quot;http:\\\/\\\/irpecor.fr\\\/wp-content\\\/uploads\\\/2022\\\/07\\\/Djembe-coeur.jpg&quot;}],&quot;shape_divider_bottom&quot;:&quot;clouds&quot;,&quot;shape_divider_bottom_negative&quot;:&quot;yes&quot;,&quot;animation&quot;:&quot;fadeInDown&quot;,&quot;background_slideshow_loop&quot;:&quot;yes&quot;,&quot;background_slideshow_slide_duration&quot;:5000,&quot;background_slideshow_slide_transition&quot;:&quot;fade&quot;,&quot;background_slideshow_transition_duration&quot;:500}\">\n\t\t\t\t\t<div class=\"elementor-shape elementor-shape-bottom\" aria-hidden=\"true\" data-negative=\"true\">\n\t\t\t<svg xmlns=\"http:\/\/www.w3.org\/2000\/svg\" viewBox=\"0 0 283.5 27.8\" preserveAspectRatio=\"xMidYMax slice\">\n\t<path class=\"elementor-shape-fill\" d=\"M265.8 3.5c-10.9 0-15.9 6.2-15.9 6.2s-3.6-3.5-9.2-.9c-9.1 4.1-4.4 13.4-4.4 13.4s-1.2.2-1.9.9c-.6.7-.5 1.9-.5 1.9s-1-.5-2.3-.2c-1.3.3-1.6 1.4-1.6 1.4s.4-3.4-1.5-5c-3.9-3.4-8.3-.2-8.3-.2s-.6-.7-.9-.9c-.4-.2-1.2-.2-1.2-.2s-4.4-3.6-11.5-2.6-10.4 7.9-10.4 7.9-.5-3.3-3.9-4.9c-4.8-2.4-7.4 0-7.4 0s2.4-4.1-1.9-6.4-6.2 1.2-6.2 1.2-.9-.5-2.1-.5-2.3 1.1-2.3 1.1.1-.7-1.1-1.1c-1.2-.4-2 0-2 0s3.6-6.8-3.5-8.9c-6-1.8-7.9 2.6-8.4 4-.1-.3-.4-.7-.9-1.1-1-.7-1.3-.5-1.3-.5s1-4-1.7-5.2c-2.7-1.2-4.2 1.1-4.2 1.1s-3.1-1-5.7 1.4-2.1 5.5-2.1 5.5-.9 0-2.1.7-1.4 1.7-1.4 1.7-1.7-1.2-4.3-1.2c-2.6 0-4.5 1.2-4.5 1.2s-.7-1.5-2.8-2.4c-2.1-.9-4 0-4 0s2.6-5.9-4.7-9c-7.3-3.1-12.6 3.3-12.6 3.3s-.9 0-1.9.2c-.9.2-1.5.9-1.5.9S99.4 3 94.9 3.9c-4.5.9-5.7 5.7-5.7 5.7s-2.8-5-12.3-3.9-11.1 6-11.1 6-1.2-1.4-4-.7c-.8.2-1.3.5-1.8.9-.9-2.1-2.7-4.9-6.2-4.4-3.2.4-4 2.2-4 2.2s-.5-.7-1.2-.7h-1.4s-.5-.9-1.7-1.4-2.4 0-2.4 0-2.4-1.2-4.7 0-3.1 4.1-3.1 4.1-1.7-1.4-3.6-.7c-1.9.7-1.9 2.8-1.9 2.8s-.5-.5-1.7-.2c-1.2.2-1.4.7-1.4.7s-.7-2.3-2.8-2.8c-2.1-.5-4.3.2-4.3.2s-1.7-5-11.1-6c-3.8-.4-6.6.2-8.5 1v21.2h283.5V11.1c-.9.2-1.6.4-1.6.4s-5.2-8-16.1-8z\"\/>\n<\/svg>\n\t\t<\/div>\n\t\t\t\t\t<div class=\"elementor-container elementor-column-gap-default\">\n\t\t\t\t\t<div class=\"elementor-column elementor-col-100 elementor-top-column elementor-element elementor-element-986113d\" data-id=\"986113d\" data-element_type=\"column\" data-e-type=\"column\">\n\t\t\t<div class=\"elementor-widget-wrap\">\n\t\t\t\t\t\t\t<\/div>\n\t\t<\/div>\n\t\t\t\t\t<\/div>\n\t\t<\/section>\n\t\t\t\t<section class=\"elementor-section elementor-top-section elementor-element elementor-element-ea5eca7 elementor-section-stretched animated-slow elementor-section-boxed elementor-section-height-default elementor-section-height-default elementor-invisible\" data-id=\"ea5eca7\" data-element_type=\"section\" data-e-type=\"section\" data-settings=\"{&quot;stretch_section&quot;:&quot;section-stretched&quot;,&quot;animation&quot;:&quot;fadeInUp&quot;}\">\n\t\t\t\t\t\t<div class=\"elementor-container elementor-column-gap-default\">\n\t\t\t\t\t<div class=\"elementor-column elementor-col-100 elementor-top-column elementor-element elementor-element-70770b6\" data-id=\"70770b6\" data-element_type=\"column\" data-e-type=\"column\">\n\t\t\t<div class=\"elementor-widget-wrap elementor-element-populated\">\n\t\t\t\t\t\t<div class=\"elementor-element elementor-element-d31433c elementor-align-right elementor-widget elementor-widget-button\" data-id=\"d31433c\" data-element_type=\"widget\" data-e-type=\"widget\" data-widget_type=\"button.default\">\n\t\t\t\t<div class=\"elementor-widget-container\">\n\t\t\t\t\t\t\t\t\t<div class=\"elementor-button-wrapper\">\n\t\t\t\t\t<a class=\"elementor-button elementor-button-link elementor-size-sm\" href=\"http:\/\/irpecor.fr\/index.php\/liste-des-formations-irpecor-2022-2023\/\">\n\t\t\t\t\t\t<span class=\"elementor-button-content-wrapper\">\n\t\t\t\t\t\t\t\t\t<span class=\"elementor-button-text\">Retour<\/span>\n\t\t\t\t\t<\/span>\n\t\t\t\t\t<\/a>\n\t\t\t\t<\/div>\n\t\t\t\t\t\t\t\t<\/div>\n\t\t\t\t<\/div>\n\t\t\t\t<div class=\"elementor-element elementor-element-042fcb1 elementor-widget elementor-widget-heading\" data-id=\"042fcb1\" data-element_type=\"widget\" data-e-type=\"widget\" data-widget_type=\"heading.default\">\n\t\t\t\t<div class=\"elementor-widget-container\">\n\t\t\t\t\t<h1 class=\"elementor-heading-title elementor-size-large\">Cycle d'approfondissement<\/h1>\t\t\t\t<\/div>\n\t\t\t\t<\/div>\n\t\t\t\t\t<\/div>\n\t\t<\/div>\n\t\t\t\t\t<\/div>\n\t\t<\/section>\n\t\t\t\t<section class=\"elementor-section elementor-top-section elementor-element elementor-element-27e6922 animated-slow elementor-section-boxed elementor-section-height-default elementor-section-height-default elementor-invisible\" data-id=\"27e6922\" data-element_type=\"section\" data-e-type=\"section\" data-settings=\"{&quot;animation&quot;:&quot;fadeInUp&quot;}\">\n\t\t\t\t\t\t<div class=\"elementor-container elementor-column-gap-default\">\n\t\t\t\t\t<div class=\"elementor-column elementor-col-100 elementor-top-column elementor-element elementor-element-9abbb34\" data-id=\"9abbb34\" data-element_type=\"column\" data-e-type=\"column\">\n\t\t\t<div class=\"elementor-widget-wrap elementor-element-populated\">\n\t\t\t\t\t\t<div class=\"elementor-element elementor-element-ce75c18 elementor-widget elementor-widget-text-editor\" data-id=\"ce75c18\" data-element_type=\"widget\" data-e-type=\"widget\" data-widget_type=\"text-editor.default\">\n\t\t\t\t<div class=\"elementor-widget-container\">\n\t\t\t\t\t\t\t\t\t<h3>&#8220;Autour des cha\u00eenes musculaires&#8221;<\/h3><p>EPERNAY (Marne)<\/p><p>4 sessions\u00a0(88 heures)<\/p><p>&#8211; Session I : 8-10 octobre 2021\u00a0<br \/>&#8211; Session II :\u00a010-12 d\u00e9cembre 2021\u00a0<br \/>&#8211; Session III : 26-29 mai 2022\u00a0<br \/>&#8211; Session IV : 18-20\u00a0novembre 2022\u00a0<\/p><p><img decoding=\"async\" class=\"size-medium wp-image-45 alignleft\" src=\"http:\/\/irpecor.fr\/wp-content\/uploads\/2022\/07\/Chaines-AffinAM-133x300.jpg\" alt=\"\" width=\"133\" height=\"300\" \/> <img fetchpriority=\"high\" decoding=\"async\" class=\"size-medium wp-image-44 alignright\" src=\"http:\/\/irpecor.fr\/wp-content\/uploads\/2022\/07\/Chaines-Affin-PM-178x300.jpg\" alt=\"\" width=\"178\" height=\"300\" \/><\/p><h3><strong>Objectifs<\/strong>\u00a0:\u00a0<\/h3><p>Ce cycle s&#8217;adresse aux personnes ayant une connaissance de base des cha\u00eenes musculaires. Les cha\u00eenes musculaires parlent de l&#8217;organisation de la posture, de la r\u00e9ponse du corps dans l&#8217;espace, des grandes fonctions psychorelationnelles : le recentrage, l&#8217;aller-vers, la densification, la diff\u00e9renciation, l&#8217;axialit\u00e9, l&#8217;adaptabilit\u00e9\u2026 Qu&#8217;est ce qui fait que nous engageons telle chaine ? Pour r\u00e9pondre \u00e0 quoi ? Avec quelles modalit\u00e9s ? Autour de chaque structure psychocorporelle li\u00e9e \u00e0 une chaine il y a des fa\u00e7ons de bouger, de percevoir, de se relier.<\/p><h3><strong>Contenus :\u00a0<\/strong><\/h3><p>Chaque session se concentre plus particuli\u00e8rement sur une structure. Il y en a donc six\u2026<br \/>&#8211; Retour sur l&#8217;organisation anatomique,\u00a0la dynamique de mouvement li\u00e9e \u00e0 une famille musculaire.\u00a0<br \/>&#8211; Exploration par le mouvement, le ressenti, et bien sur par le toucher : pour rep\u00e9rer mieux les structures, pour les harmoniser surtout.\u00a0<br \/>&#8211; Apprendre \u00e0 lire le corps.<\/p><p><strong>Autour des cha\u00eenes musculaires<\/strong>\u00a0il y a beaucoup \u00e0 explorer. Nous voyagerons de mani\u00e8re large dans le corps, dans le toucher \u00e9nerg\u00e9tique, une conscience des flux, des questionnements sur la temporalit\u00e9 et la spatialit\u00e9<\/p><h3><strong>Comp\u00e9tences acquises :<img decoding=\"async\" class=\"size-medium wp-image-46 alignleft\" src=\"http:\/\/irpecor.fr\/wp-content\/uploads\/2022\/07\/Chaines-AffinPL-130x300.jpg\" alt=\"\" width=\"130\" height=\"300\" \/> \u00a0<img loading=\"lazy\" decoding=\"async\" class=\"alignright wp-image-43 size-medium\" src=\"http:\/\/irpecor.fr\/wp-content\/uploads\/2022\/07\/Chaines-AffAL-100x300.jpg\" alt=\"\" width=\"100\" height=\"300\" \/><\/strong><\/h3><p>\u2022 Savoir rep\u00e9rer ses propres tensions en terme de cha\u00eenes musculaires et les \u00e9quilibrer.<br \/>\u2022 Lire la typologie d&#8217;un patient et la relier \u00e0 un habitus psychomoteur, et en d\u00e9duire des axes d&#8217;intervention.\u00a0<br \/>\u2022 Mettre en place les outils d&#8217;un travail postural et moteur d\u00e9coulant directement du diagnostic postural.\u00a0<br \/>\u2022 Mettre en place les outils d&#8217;un travail psychomoteur par la m\u00e9diation du geste mais aussi de la dynamique de groupe.<\/p><p><strong>L&#8217;\u00e9valuation des stagiaires<\/strong>\u00a0se fait au cours du travail. Un bilan approfondi est propos\u00e9 en fin de stage, accompagn\u00e9 d&#8217;un questionnaire, pour leur permettre de d\u00e9gager les acquis et envisager leurs applications cliniques. Un suivi de stage est propos\u00e9 sous forme d&#8217;\u00e9changes de courriels.<\/p><p>\u00a0<\/p>\t\t\t\t\t\t\t\t<\/div>\n\t\t\t\t<\/div>\n\t\t\t\t<div class=\"elementor-element elementor-element-24178a4 elementor-widget elementor-widget-text-editor\" data-id=\"24178a4\" data-element_type=\"widget\" data-e-type=\"widget\" data-widget_type=\"text-editor.default\">\n\t\t\t\t<div class=\"elementor-widget-container\">\n\t\t\t\t\t\t\t\t\t<p>Ce cycle est une exploration libre de th\u00e8mes &#8220;autour des cha\u00eenes musculaires &#8221; librement enrichi par un parcours personnel (danse, pratiques somatiques, \u00e9nerg\u00e9tique, psychomotricit\u00e9\u2026).. Pour un travail complet et une pr\u00e9sentation anatomofonctionnelle des cha\u00eenes musculaires et du travail originel de G. Struyf, il faut se r\u00e9f\u00e9rer \u00e0 l&#8217;enseignement d\u00e9livr\u00e9 par l&#8217;ICTGDS \u00e0 Bruxelles http:\/\/www.ictgds.org\/<\/p>\t\t\t\t\t\t\t\t<\/div>\n\t\t\t\t<\/div>\n\t\t\t\t\t<\/div>\n\t\t<\/div>\n\t\t\t\t\t<\/div>\n\t\t<\/section>\n\t\t\t\t<section class=\"elementor-section elementor-top-section elementor-element elementor-element-9084cdd animated-slow elementor-section-boxed elementor-section-height-default elementor-section-height-default elementor-invisible\" data-id=\"9084cdd\" data-element_type=\"section\" data-e-type=\"section\" data-settings=\"{&quot;animation&quot;:&quot;fadeInUp&quot;}\">\n\t\t\t\t\t\t<div class=\"elementor-container elementor-column-gap-default\">\n\t\t\t\t\t<div class=\"elementor-column elementor-col-33 elementor-top-column elementor-element elementor-element-031c68e\" data-id=\"031c68e\" data-element_type=\"column\" data-e-type=\"column\">\n\t\t\t<div class=\"elementor-widget-wrap elementor-element-populated\">\n\t\t\t\t\t\t<div class=\"elementor-element elementor-element-9ba6661 elementor-widget elementor-widget-text-editor\" data-id=\"9ba6661\" data-element_type=\"widget\" data-e-type=\"widget\" data-widget_type=\"text-editor.default\">\n\t\t\t\t<div class=\"elementor-widget-container\">\n\t\t\t\t\t\t\t\t\t<h4><strong>Publics :<\/strong>\u00a0<\/h4><p>Toute personne engag\u00e9e dans une relation d\u2019aide ou p\u00e9dagogique \u00e0 m\u00e9diation corporelle : psychomotriciens, \u00e9ducateurs, infirmiers, kin\u00e9sith\u00e9rapeutes, enseignants en danse, yoga, Qi-Gong, ta\u00ef-chi-chuan, cirque, pratiques psychocorporelles\u2026<\/p><h4><strong>Lieu<\/strong>\u00a0:\u00a0<\/h4><p><span style=\"font-family: helvetica;\">Maison des arts et de la vie associative \/\u00a0Parc des loisirs Roger Menu 51200\u00a0<\/span><strong><span style=\"font-family: helvetica;\">Epernay<\/span>\u00a0<\/strong><\/p>\t\t\t\t\t\t\t\t<\/div>\n\t\t\t\t<\/div>\n\t\t\t\t\t<\/div>\n\t\t<\/div>\n\t\t\t\t<div class=\"elementor-column elementor-col-33 elementor-top-column elementor-element elementor-element-81287dd\" data-id=\"81287dd\" data-element_type=\"column\" data-e-type=\"column\">\n\t\t\t<div class=\"elementor-widget-wrap elementor-element-populated\">\n\t\t\t\t\t\t<div class=\"elementor-element elementor-element-00222e9 elementor-widget elementor-widget-text-editor\" data-id=\"00222e9\" data-element_type=\"widget\" data-e-type=\"widget\" data-widget_type=\"text-editor.default\">\n\t\t\t\t<div class=\"elementor-widget-container\">\n\t\t\t\t\t\t\t\t\t<h4><strong>Pre requis :<\/strong>\u00a0<\/h4><p>Avoir d\u00e9j\u00e0 une connaissance de base des cha\u00eenes musculaires<\/p><h4>Tarifs\u00a0:<\/h4><p>400\u20ac \/ session sauf session 3 : 600\u20ac<\/p><p>Tarif Individuel : 200\u20ac \/ session (300\u20ac session 3)<\/p><p>Tarif FIFPL : 300\u20ac \/ session (450\u20ac session 3)<\/p>\t\t\t\t\t\t\t\t<\/div>\n\t\t\t\t<\/div>\n\t\t\t\t\t<\/div>\n\t\t<\/div>\n\t\t\t\t<div class=\"elementor-column elementor-col-33 elementor-top-column elementor-element elementor-element-c2b799f\" data-id=\"c2b799f\" data-element_type=\"column\" data-e-type=\"column\">\n\t\t\t<div class=\"elementor-widget-wrap elementor-element-populated\">\n\t\t\t\t\t\t<div class=\"elementor-element elementor-element-1cfb48f elementor-widget elementor-widget-text-editor\" data-id=\"1cfb48f\" data-element_type=\"widget\" data-e-type=\"widget\" data-widget_type=\"text-editor.default\">\n\t\t\t\t<div class=\"elementor-widget-container\">\n\t\t\t\t\t\t\t\t\t<h4><strong>Intervenant<\/strong><\/h4><p><strong>Benoit LESAGE\u00a0<\/strong><\/p><p><img loading=\"lazy\" decoding=\"async\" class=\"wp-image-95 aligncenter\" src=\"http:\/\/irpecor.fr\/wp-content\/uploads\/2022\/07\/Portrait-Lesage-2-R-222x300.jpg\" alt=\"\" width=\"242\" height=\"327\" srcset=\"https:\/\/irpecor.fr\/wp-content\/uploads\/2022\/07\/Portrait-Lesage-2-R-222x300.jpg 222w, https:\/\/irpecor.fr\/wp-content\/uploads\/2022\/07\/Portrait-Lesage-2-R-758x1024.jpg 758w, https:\/\/irpecor.fr\/wp-content\/uploads\/2022\/07\/Portrait-Lesage-2-R-768x1038.jpg 768w, https:\/\/irpecor.fr\/wp-content\/uploads\/2022\/07\/Portrait-Lesage-2-R.jpg 1081w\" sizes=\"(max-width: 242px) 100vw, 242px\" \/><\/p>\t\t\t\t\t\t\t\t<\/div>\n\t\t\t\t<\/div>\n\t\t\t\t\t<\/div>\n\t\t<\/div>\n\t\t\t\t\t<\/div>\n\t\t<\/section>\n\t\t\t\t<section class=\"elementor-section elementor-top-section elementor-element elementor-element-b03b9d8 elementor-section-boxed elementor-section-height-default elementor-section-height-default\" data-id=\"b03b9d8\" data-element_type=\"section\" data-e-type=\"section\">\n\t\t\t\t\t\t<div class=\"elementor-container elementor-column-gap-default\">\n\t\t\t\t\t<div class=\"elementor-column elementor-col-50 elementor-top-column elementor-element elementor-element-6848975\" data-id=\"6848975\" data-element_type=\"column\" data-e-type=\"column\">\n\t\t\t<div class=\"elementor-widget-wrap elementor-element-populated\">\n\t\t\t\t\t\t<div class=\"elementor-element elementor-element-f84dddd elementor-widget elementor-widget-text-editor\" data-id=\"f84dddd\" data-element_type=\"widget\" data-e-type=\"widget\" data-widget_type=\"text-editor.default\">\n\t\t\t\t<div class=\"elementor-widget-container\">\n\t\t\t\t\t\t\t\t\t<p><a href=\"http:\/\/irpecor.fr\/wp-content\/uploads\/2022\/07\/Pres-Cycle-Chaines-2021-22.pdf\" target=\"_blank\" rel=\"noopener\">VOIR PLAQUETTE CYCLE D&#8217;APPROFONDISSEMENT<\/a><\/p>\t\t\t\t\t\t\t\t<\/div>\n\t\t\t\t<\/div>\n\t\t\t\t\t<\/div>\n\t\t<\/div>\n\t\t\t\t<div class=\"elementor-column elementor-col-50 elementor-top-column elementor-element elementor-element-7948eb1\" data-id=\"7948eb1\" data-element_type=\"column\" data-e-type=\"column\">\n\t\t\t<div class=\"elementor-widget-wrap elementor-element-populated\">\n\t\t\t\t\t\t<div class=\"elementor-element elementor-element-a55413b elementor-widget elementor-widget-text-editor\" data-id=\"a55413b\" data-element_type=\"widget\" data-e-type=\"widget\" data-widget_type=\"text-editor.default\">\n\t\t\t\t<div class=\"elementor-widget-container\">\n\t\t\t\t\t\t\t\t\t<p><a href=\"http:\/\/irpecor.fr\/index.php\/qui-sommes-nous\/\" target=\"_blank\" rel=\"noopener\">VOIR PROFIL<\/a><\/p>\t\t\t\t\t\t\t\t<\/div>\n\t\t\t\t<\/div>\n\t\t\t\t\t<\/div>\n\t\t<\/div>\n\t\t\t\t\t<\/div>\n\t\t<\/section>\n\t\t\t\t<section class=\"elementor-section elementor-top-section elementor-element elementor-element-80d3348 elementor-section-full_width elementor-section-stretched elementor-section-height-default elementor-section-height-default\" data-id=\"80d3348\" data-element_type=\"section\" data-e-type=\"section\" data-settings=\"{&quot;stretch_section&quot;:&quot;section-stretched&quot;,&quot;background_background&quot;:&quot;classic&quot;,&quot;shape_divider_top&quot;:&quot;clouds&quot;,&quot;shape_divider_bottom&quot;:&quot;mountains&quot;}\">\n\t\t\t\t\t<div class=\"elementor-shape elementor-shape-top\" aria-hidden=\"true\" data-negative=\"false\">\n\t\t\t<svg xmlns=\"http:\/\/www.w3.org\/2000\/svg\" viewBox=\"0 0 283.5 27.8\" preserveAspectRatio=\"xMidYMax slice\">\n  <path class=\"elementor-shape-fill\" d=\"M0 0v6.7c1.9-.8 4.7-1.4 8.5-1 9.5 1.1 11.1 6 11.1 6s2.1-.7 4.3-.2c2.1.5 2.8 2.6 2.8 2.6s.2-.5 1.4-.7c1.2-.2 1.7.2 1.7.2s0-2.1 1.9-2.8c1.9-.7 3.6.7 3.6.7s.7-2.9 3.1-4.1 4.7 0 4.7 0 1.2-.5 2.4 0 1.7 1.4 1.7 1.4h1.4c.7 0 1.2.7 1.2.7s.8-1.8 4-2.2c3.5-.4 5.3 2.4 6.2 4.4.4-.4 1-.7 1.8-.9 2.8-.7 4 .7 4 .7s1.7-5 11.1-6c9.5-1.1 12.3 3.9 12.3 3.9s1.2-4.8 5.7-5.7c4.5-.9 6.8 1.8 6.8 1.8s.6-.6 1.5-.9c.9-.2 1.9-.2 1.9-.2s5.2-6.4 12.6-3.3c7.3 3.1 4.7 9 4.7 9s1.9-.9 4 0 2.8 2.4 2.8 2.4 1.9-1.2 4.5-1.2 4.3 1.2 4.3 1.2.2-1 1.4-1.7 2.1-.7 2.1-.7-.5-3.1 2.1-5.5 5.7-1.4 5.7-1.4 1.5-2.3 4.2-1.1c2.7 1.2 1.7 5.2 1.7 5.2s.3-.1 1.3.5c.5.4.8.8.9 1.1.5-1.4 2.4-5.8 8.4-4 7.1 2.1 3.5 8.9 3.5 8.9s.8-.4 2 0 1.1 1.1 1.1 1.1 1.1-1.1 2.3-1.1 2.1.5 2.1.5 1.9-3.6 6.2-1.2 1.9 6.4 1.9 6.4 2.6-2.4 7.4 0c3.4 1.7 3.9 4.9 3.9 4.9s3.3-6.9 10.4-7.9 11.5 2.6 11.5 2.6.8 0 1.2.2c.4.2.9.9.9.9s4.4-3.1 8.3.2c1.9 1.7 1.5 5 1.5 5s.3-1.1 1.6-1.4c1.3-.3 2.3.2 2.3.2s-.1-1.2.5-1.9 1.9-.9 1.9-.9-4.7-9.3 4.4-13.4c5.6-2.5 9.2.9 9.2.9s5-6.2 15.9-6.2 16.1 8.1 16.1 8.1.7-.2 1.6-.4V0H0z\"\/>\n<\/svg>\n\t\t<\/div>\n\t\t\t\t<div class=\"elementor-shape elementor-shape-bottom\" aria-hidden=\"true\" data-negative=\"false\">\n\t\t\t<svg xmlns=\"http:\/\/www.w3.org\/2000\/svg\" viewBox=\"0 0 1000 100\" preserveAspectRatio=\"none\">\n\t<path class=\"elementor-shape-fill\" opacity=\"0.33\" d=\"M473,67.3c-203.9,88.3-263.1-34-320.3,0C66,119.1,0,59.7,0,59.7V0h1000v59.7 c0,0-62.1,26.1-94.9,29.3c-32.8,3.3-62.8-12.3-75.8-22.1C806,49.6,745.3,8.7,694.9,4.7S492.4,59,473,67.3z\"\/>\n\t<path class=\"elementor-shape-fill\" opacity=\"0.66\" d=\"M734,67.3c-45.5,0-77.2-23.2-129.1-39.1c-28.6-8.7-150.3-10.1-254,39.1 s-91.7-34.4-149.2,0C115.7,118.3,0,39.8,0,39.8V0h1000v36.5c0,0-28.2-18.5-92.1-18.5C810.2,18.1,775.7,67.3,734,67.3z\"\/>\n\t<path class=\"elementor-shape-fill\" d=\"M766.1,28.9c-200-57.5-266,65.5-395.1,19.5C242,1.8,242,5.4,184.8,20.6C128,35.8,132.3,44.9,89.9,52.5C28.6,63.7,0,0,0,0 h1000c0,0-9.9,40.9-83.6,48.1S829.6,47,766.1,28.9z\"\/>\n<\/svg>\t\t<\/div>\n\t\t\t\t\t<div class=\"elementor-container elementor-column-gap-default\">\n\t\t\t\t\t<div class=\"elementor-column elementor-col-100 elementor-top-column elementor-element elementor-element-3dbb4a8\" data-id=\"3dbb4a8\" data-element_type=\"column\" data-e-type=\"column\">\n\t\t\t<div class=\"elementor-widget-wrap elementor-element-populated\">\n\t\t\t\t\t\t<div class=\"elementor-element elementor-element-c22c69a elementor-align-left elementor-widget elementor-widget-button\" data-id=\"c22c69a\" data-element_type=\"widget\" data-e-type=\"widget\" data-widget_type=\"button.default\">\n\t\t\t\t<div class=\"elementor-widget-container\">\n\t\t\t\t\t\t\t\t\t<div class=\"elementor-button-wrapper\">\n\t\t\t\t\t<a class=\"elementor-button elementor-button-link elementor-size-sm\" href=\"http:\/\/irpecor.fr\/index.php\/liste-des-formations-irpecor-2022-2023\/\">\n\t\t\t\t\t\t<span class=\"elementor-button-content-wrapper\">\n\t\t\t\t\t\t\t\t\t<span class=\"elementor-button-text\">Retour<\/span>\n\t\t\t\t\t<\/span>\n\t\t\t\t\t<\/a>\n\t\t\t\t<\/div>\n\t\t\t\t\t\t\t\t<\/div>\n\t\t\t\t<\/div>\n\t\t\t\t\t<\/div>\n\t\t<\/div>\n\t\t\t\t\t<\/div>\n\t\t<\/section>\n\t\t\t\t<\/div>\n\t\t","protected":false},"excerpt":{"rendered":"<p>Retour Cycle d&#8217;approfondissement &#8220;Autour des cha\u00eenes musculaires&#8221; EPERNAY (Marne) 4 sessions&nbsp;(88 heures) &#8211; Session I : 8-10 octobre 2021&nbsp; &#8211; Session II [&hellip;]<\/p>\n","protected":false},"author":1,"featured_media":0,"parent":745,"menu_order":1,"comment_status":"closed","ping_status":"closed","template":"elementor_header_footer","meta":{"footnotes":""},"class_list":["post-1288","page","type-page","status-publish","hentry"],"yoast_head":"<!-- This site is optimized with the Yoast SEO plugin v27.4 - https:\/\/yoast.com\/product\/yoast-seo-wordpress\/ -->\n<title>Cycle d&#039;approfondissement Chaines Musculaires - Irpecor<\/title>\n<meta name=\"description\" content=\"Ce cycle s\u2019adresse aux personnes ayant une connaissance de base des cha\u00eenes musculaires. Les cha\u00eenes musculaires parlent de l\u2019organisation de la posture, de la r\u00e9ponse du corps dans l\u2019espace, des grandes fonctions psychorelationnelles :\" \/>\n<meta name=\"robots\" content=\"index, follow, max-snippet:-1, max-image-preview:large, max-video-preview:-1\" \/>\n<link rel=\"canonical\" href=\"https:\/\/irpecor.fr\/index.php\/liste-des-formations-irpecor-2022-2023\/cycle-dapprofondissement-chaines-musculai\/\" \/>\n<meta property=\"og:locale\" content=\"fr_FR\" \/>\n<meta property=\"og:type\" content=\"article\" \/>\n<meta property=\"og:title\" content=\"Cycle d&#039;approfondissement Chaines Musculaires - Irpecor\" \/>\n<meta property=\"og:description\" content=\"Ce cycle s\u2019adresse aux personnes ayant une connaissance de base des cha\u00eenes musculaires. Les cha\u00eenes musculaires parlent de l\u2019organisation de la posture, de la r\u00e9ponse du corps dans l\u2019espace, des grandes fonctions psychorelationnelles :\" \/>\n<meta property=\"og:url\" content=\"https:\/\/irpecor.fr\/index.php\/liste-des-formations-irpecor-2022-2023\/cycle-dapprofondissement-chaines-musculai\/\" \/>\n<meta property=\"og:site_name\" content=\"Irpecor\" \/>\n<meta property=\"article:publisher\" content=\"https:\/\/www.facebook.com\/benoitlesageirpecor\" \/>\n<meta property=\"article:modified_time\" content=\"2022-09-22T09:55:12+00:00\" \/>\n<meta property=\"og:image\" content=\"http:\/\/irpecor.fr\/wp-content\/uploads\/2022\/07\/Chaines-AffinAM-133x300.jpg\" \/>\n<meta name=\"twitter:card\" content=\"summary_large_image\" \/>\n<script type=\"application\/ld+json\" class=\"yoast-schema-graph\">{\"@context\":\"https:\\\/\\\/schema.org\",\"@graph\":[{\"@type\":\"WebPage\",\"@id\":\"https:\\\/\\\/irpecor.fr\\\/index.php\\\/liste-des-formations-irpecor-2022-2023\\\/cycle-dapprofondissement-chaines-musculai\\\/\",\"url\":\"https:\\\/\\\/irpecor.fr\\\/index.php\\\/liste-des-formations-irpecor-2022-2023\\\/cycle-dapprofondissement-chaines-musculai\\\/\",\"name\":\"Cycle d'approfondissement Chaines Musculaires - Irpecor\",\"isPartOf\":{\"@id\":\"https:\\\/\\\/irpecor.fr\\\/#website\"},\"primaryImageOfPage\":{\"@id\":\"https:\\\/\\\/irpecor.fr\\\/index.php\\\/liste-des-formations-irpecor-2022-2023\\\/cycle-dapprofondissement-chaines-musculai\\\/#primaryimage\"},\"image\":{\"@id\":\"https:\\\/\\\/irpecor.fr\\\/index.php\\\/liste-des-formations-irpecor-2022-2023\\\/cycle-dapprofondissement-chaines-musculai\\\/#primaryimage\"},\"thumbnailUrl\":\"http:\\\/\\\/irpecor.fr\\\/wp-content\\\/uploads\\\/2022\\\/07\\\/Chaines-AffinAM-133x300.jpg\",\"datePublished\":\"2022-07-24T20:05:53+00:00\",\"dateModified\":\"2022-09-22T09:55:12+00:00\",\"description\":\"Ce cycle s\u2019adresse aux personnes ayant une connaissance de base des cha\u00eenes musculaires. Les cha\u00eenes musculaires parlent de l\u2019organisation de la posture, de la r\u00e9ponse du corps dans l\u2019espace, des grandes fonctions psychorelationnelles :\",\"breadcrumb\":{\"@id\":\"https:\\\/\\\/irpecor.fr\\\/index.php\\\/liste-des-formations-irpecor-2022-2023\\\/cycle-dapprofondissement-chaines-musculai\\\/#breadcrumb\"},\"inLanguage\":\"fr-FR\",\"potentialAction\":[{\"@type\":\"ReadAction\",\"target\":[\"https:\\\/\\\/irpecor.fr\\\/index.php\\\/liste-des-formations-irpecor-2022-2023\\\/cycle-dapprofondissement-chaines-musculai\\\/\"]}]},{\"@type\":\"ImageObject\",\"inLanguage\":\"fr-FR\",\"@id\":\"https:\\\/\\\/irpecor.fr\\\/index.php\\\/liste-des-formations-irpecor-2022-2023\\\/cycle-dapprofondissement-chaines-musculai\\\/#primaryimage\",\"url\":\"\",\"contentUrl\":\"\"},{\"@type\":\"BreadcrumbList\",\"@id\":\"https:\\\/\\\/irpecor.fr\\\/index.php\\\/liste-des-formations-irpecor-2022-2023\\\/cycle-dapprofondissement-chaines-musculai\\\/#breadcrumb\",\"itemListElement\":[{\"@type\":\"ListItem\",\"position\":1,\"name\":\"Accueil\",\"item\":\"https:\\\/\\\/irpecor.fr\\\/\"},{\"@type\":\"ListItem\",\"position\":2,\"name\":\"Calendrier des formations\u00a0\u00a0\u00a0\u00a0\u00a0\",\"item\":\"https:\\\/\\\/irpecor.fr\\\/index.php\\\/liste-des-formations-irpecor-2022-2023\\\/\"},{\"@type\":\"ListItem\",\"position\":3,\"name\":\"Cycle d&#8217;approfondissement Chaines Musculaires\"}]},{\"@type\":\"WebSite\",\"@id\":\"https:\\\/\\\/irpecor.fr\\\/#website\",\"url\":\"https:\\\/\\\/irpecor.fr\\\/\",\"name\":\"Irpecor\",\"description\":\"Structuration corporelle et danse th\u00e9rapie\",\"publisher\":{\"@id\":\"https:\\\/\\\/irpecor.fr\\\/#organization\"},\"potentialAction\":[{\"@type\":\"SearchAction\",\"target\":{\"@type\":\"EntryPoint\",\"urlTemplate\":\"https:\\\/\\\/irpecor.fr\\\/?s={search_term_string}\"},\"query-input\":{\"@type\":\"PropertyValueSpecification\",\"valueRequired\":true,\"valueName\":\"search_term_string\"}}],\"inLanguage\":\"fr-FR\"},{\"@type\":\"Organization\",\"@id\":\"https:\\\/\\\/irpecor.fr\\\/#organization\",\"name\":\"Irpecor\",\"url\":\"https:\\\/\\\/irpecor.fr\\\/\",\"logo\":{\"@type\":\"ImageObject\",\"inLanguage\":\"fr-FR\",\"@id\":\"https:\\\/\\\/irpecor.fr\\\/#\\\/schema\\\/logo\\\/image\\\/\",\"url\":\"https:\\\/\\\/irpecor.fr\\\/wp-content\\\/uploads\\\/2022\\\/07\\\/cropped-cropped-logo_irpecor.gif\",\"contentUrl\":\"https:\\\/\\\/irpecor.fr\\\/wp-content\\\/uploads\\\/2022\\\/07\\\/cropped-cropped-logo_irpecor.gif\",\"width\":132,\"height\":111,\"caption\":\"Irpecor\"},\"image\":{\"@id\":\"https:\\\/\\\/irpecor.fr\\\/#\\\/schema\\\/logo\\\/image\\\/\"},\"sameAs\":[\"https:\\\/\\\/www.facebook.com\\\/benoitlesageirpecor\"]}]}<\/script>\n<!-- \/ Yoast SEO plugin. -->","yoast_head_json":{"title":"Cycle d'approfondissement Chaines Musculaires - Irpecor","description":"Ce cycle s\u2019adresse aux personnes ayant une connaissance de base des cha\u00eenes musculaires. Les cha\u00eenes musculaires parlent de l\u2019organisation de la posture, de la r\u00e9ponse du corps dans l\u2019espace, des grandes fonctions psychorelationnelles :","robots":{"index":"index","follow":"follow","max-snippet":"max-snippet:-1","max-image-preview":"max-image-preview:large","max-video-preview":"max-video-preview:-1"},"canonical":"https:\/\/irpecor.fr\/index.php\/liste-des-formations-irpecor-2022-2023\/cycle-dapprofondissement-chaines-musculai\/","og_locale":"fr_FR","og_type":"article","og_title":"Cycle d'approfondissement Chaines Musculaires - Irpecor","og_description":"Ce cycle s\u2019adresse aux personnes ayant une connaissance de base des cha\u00eenes musculaires. Les cha\u00eenes musculaires parlent de l\u2019organisation de la posture, de la r\u00e9ponse du corps dans l\u2019espace, des grandes fonctions psychorelationnelles :","og_url":"https:\/\/irpecor.fr\/index.php\/liste-des-formations-irpecor-2022-2023\/cycle-dapprofondissement-chaines-musculai\/","og_site_name":"Irpecor","article_publisher":"https:\/\/www.facebook.com\/benoitlesageirpecor","article_modified_time":"2022-09-22T09:55:12+00:00","og_image":[{"url":"http:\/\/irpecor.fr\/wp-content\/uploads\/2022\/07\/Chaines-AffinAM-133x300.jpg","type":"","width":"","height":""}],"twitter_card":"summary_large_image","schema":{"@context":"https:\/\/schema.org","@graph":[{"@type":"WebPage","@id":"https:\/\/irpecor.fr\/index.php\/liste-des-formations-irpecor-2022-2023\/cycle-dapprofondissement-chaines-musculai\/","url":"https:\/\/irpecor.fr\/index.php\/liste-des-formations-irpecor-2022-2023\/cycle-dapprofondissement-chaines-musculai\/","name":"Cycle d'approfondissement Chaines Musculaires - Irpecor","isPartOf":{"@id":"https:\/\/irpecor.fr\/#website"},"primaryImageOfPage":{"@id":"https:\/\/irpecor.fr\/index.php\/liste-des-formations-irpecor-2022-2023\/cycle-dapprofondissement-chaines-musculai\/#primaryimage"},"image":{"@id":"https:\/\/irpecor.fr\/index.php\/liste-des-formations-irpecor-2022-2023\/cycle-dapprofondissement-chaines-musculai\/#primaryimage"},"thumbnailUrl":"http:\/\/irpecor.fr\/wp-content\/uploads\/2022\/07\/Chaines-AffinAM-133x300.jpg","datePublished":"2022-07-24T20:05:53+00:00","dateModified":"2022-09-22T09:55:12+00:00","description":"Ce cycle s\u2019adresse aux personnes ayant une connaissance de base des cha\u00eenes musculaires. Les cha\u00eenes musculaires parlent de l\u2019organisation de la posture, de la r\u00e9ponse du corps dans l\u2019espace, des grandes fonctions psychorelationnelles :","breadcrumb":{"@id":"https:\/\/irpecor.fr\/index.php\/liste-des-formations-irpecor-2022-2023\/cycle-dapprofondissement-chaines-musculai\/#breadcrumb"},"inLanguage":"fr-FR","potentialAction":[{"@type":"ReadAction","target":["https:\/\/irpecor.fr\/index.php\/liste-des-formations-irpecor-2022-2023\/cycle-dapprofondissement-chaines-musculai\/"]}]},{"@type":"ImageObject","inLanguage":"fr-FR","@id":"https:\/\/irpecor.fr\/index.php\/liste-des-formations-irpecor-2022-2023\/cycle-dapprofondissement-chaines-musculai\/#primaryimage","url":"","contentUrl":""},{"@type":"BreadcrumbList","@id":"https:\/\/irpecor.fr\/index.php\/liste-des-formations-irpecor-2022-2023\/cycle-dapprofondissement-chaines-musculai\/#breadcrumb","itemListElement":[{"@type":"ListItem","position":1,"name":"Accueil","item":"https:\/\/irpecor.fr\/"},{"@type":"ListItem","position":2,"name":"Calendrier des formations\u00a0\u00a0\u00a0\u00a0\u00a0","item":"https:\/\/irpecor.fr\/index.php\/liste-des-formations-irpecor-2022-2023\/"},{"@type":"ListItem","position":3,"name":"Cycle d&#8217;approfondissement Chaines Musculaires"}]},{"@type":"WebSite","@id":"https:\/\/irpecor.fr\/#website","url":"https:\/\/irpecor.fr\/","name":"Irpecor","description":"Structuration corporelle et danse th\u00e9rapie","publisher":{"@id":"https:\/\/irpecor.fr\/#organization"},"potentialAction":[{"@type":"SearchAction","target":{"@type":"EntryPoint","urlTemplate":"https:\/\/irpecor.fr\/?s={search_term_string}"},"query-input":{"@type":"PropertyValueSpecification","valueRequired":true,"valueName":"search_term_string"}}],"inLanguage":"fr-FR"},{"@type":"Organization","@id":"https:\/\/irpecor.fr\/#organization","name":"Irpecor","url":"https:\/\/irpecor.fr\/","logo":{"@type":"ImageObject","inLanguage":"fr-FR","@id":"https:\/\/irpecor.fr\/#\/schema\/logo\/image\/","url":"https:\/\/irpecor.fr\/wp-content\/uploads\/2022\/07\/cropped-cropped-logo_irpecor.gif","contentUrl":"https:\/\/irpecor.fr\/wp-content\/uploads\/2022\/07\/cropped-cropped-logo_irpecor.gif","width":132,"height":111,"caption":"Irpecor"},"image":{"@id":"https:\/\/irpecor.fr\/#\/schema\/logo\/image\/"},"sameAs":["https:\/\/www.facebook.com\/benoitlesageirpecor"]}]}},"_links":{"self":[{"href":"https:\/\/irpecor.fr\/index.php\/wp-json\/wp\/v2\/pages\/1288","targetHints":{"allow":["GET"]}}],"collection":[{"href":"https:\/\/irpecor.fr\/index.php\/wp-json\/wp\/v2\/pages"}],"about":[{"href":"https:\/\/irpecor.fr\/index.php\/wp-json\/wp\/v2\/types\/page"}],"author":[{"embeddable":true,"href":"https:\/\/irpecor.fr\/index.php\/wp-json\/wp\/v2\/users\/1"}],"replies":[{"embeddable":true,"href":"https:\/\/irpecor.fr\/index.php\/wp-json\/wp\/v2\/comments?post=1288"}],"version-history":[{"count":71,"href":"https:\/\/irpecor.fr\/index.php\/wp-json\/wp\/v2\/pages\/1288\/revisions"}],"predecessor-version":[{"id":3475,"href":"https:\/\/irpecor.fr\/index.php\/wp-json\/wp\/v2\/pages\/1288\/revisions\/3475"}],"up":[{"embeddable":true,"href":"https:\/\/irpecor.fr\/index.php\/wp-json\/wp\/v2\/pages\/745"}],"wp:attachment":[{"href":"https:\/\/irpecor.fr\/index.php\/wp-json\/wp\/v2\/media?parent=1288"}],"curies":[{"name":"wp","href":"https:\/\/api.w.org\/{rel}","templated":true}]}}