{"id":1086,"date":"2022-07-24T15:49:45","date_gmt":"2022-07-24T13:49:45","guid":{"rendered":"http:\/\/irpecor.fr\/?page_id=1086"},"modified":"2023-03-10T20:47:58","modified_gmt":"2023-03-10T19:47:58","slug":"structures-exploration-corporelle-sensorialite-conscience-corporelle","status":"publish","type":"page","link":"https:\/\/irpecor.fr\/index.php\/structures-exploration-corporelle-sensorialite-conscience-corporelle\/","title":{"rendered":"Structures accompagnement au mouvement, \u00e9coute corporelle"},"content":{"rendered":"\t\t<div data-elementor-type=\"wp-page\" data-elementor-id=\"1086\" class=\"elementor elementor-1086\">\n\t\t\t\t\t\t<section class=\"elementor-section elementor-top-section elementor-element elementor-element-09a6295 elementor-section-full_width elementor-section-stretched elementor-section-height-default elementor-section-height-default\" data-id=\"09a6295\" data-element_type=\"section\" data-e-type=\"section\" data-settings=\"{&quot;stretch_section&quot;:&quot;section-stretched&quot;,&quot;background_background&quot;:&quot;slideshow&quot;,&quot;background_slideshow_gallery&quot;:[{&quot;id&quot;:188,&quot;url&quot;:&quot;http:\\\/\\\/irpecor.fr\\\/wp-content\\\/uploads\\\/2022\\\/07\\\/Poids_sacs_5634.jpg&quot;}],&quot;shape_divider_bottom&quot;:&quot;opacity-fan&quot;,&quot;background_slideshow_loop&quot;:&quot;yes&quot;,&quot;background_slideshow_slide_duration&quot;:5000,&quot;background_slideshow_slide_transition&quot;:&quot;fade&quot;,&quot;background_slideshow_transition_duration&quot;:500}\">\n\t\t\t\t\t<div class=\"elementor-shape elementor-shape-bottom\" aria-hidden=\"true\" data-negative=\"false\">\n\t\t\t<svg xmlns=\"http:\/\/www.w3.org\/2000\/svg\" viewBox=\"0 0 283.5 19.6\" preserveAspectRatio=\"none\">\n\t<path class=\"elementor-shape-fill\" style=\"opacity:0.33\" d=\"M0 0L0 18.8 141.8 4.1 283.5 18.8 283.5 0z\"\/>\n\t<path class=\"elementor-shape-fill\" style=\"opacity:0.33\" d=\"M0 0L0 12.6 141.8 4 283.5 12.6 283.5 0z\"\/>\n\t<path class=\"elementor-shape-fill\" style=\"opacity:0.33\" d=\"M0 0L0 6.4 141.8 4 283.5 6.4 283.5 0z\"\/>\n\t<path class=\"elementor-shape-fill\" d=\"M0 0L0 1.2 141.8 4 283.5 1.2 283.5 0z\"\/>\n<\/svg>\t\t<\/div>\n\t\t\t\t\t<div class=\"elementor-container elementor-column-gap-default\">\n\t\t\t\t\t<div class=\"elementor-column elementor-col-100 elementor-top-column elementor-element elementor-element-889247c\" data-id=\"889247c\" data-element_type=\"column\" data-e-type=\"column\">\n\t\t\t<div class=\"elementor-widget-wrap\">\n\t\t\t\t\t\t\t<\/div>\n\t\t<\/div>\n\t\t\t\t\t<\/div>\n\t\t<\/section>\n\t\t\t\t<section class=\"elementor-section elementor-top-section elementor-element elementor-element-195eb83 elementor-section-stretched elementor-section-boxed elementor-section-height-default elementor-section-height-default elementor-invisible\" data-id=\"195eb83\" data-element_type=\"section\" data-e-type=\"section\" data-settings=\"{&quot;stretch_section&quot;:&quot;section-stretched&quot;,&quot;animation&quot;:&quot;fadeInUp&quot;}\">\n\t\t\t\t\t\t<div class=\"elementor-container elementor-column-gap-default\">\n\t\t\t\t\t<div class=\"elementor-column elementor-col-100 elementor-top-column elementor-element elementor-element-996231f\" data-id=\"996231f\" data-element_type=\"column\" data-e-type=\"column\">\n\t\t\t<div class=\"elementor-widget-wrap elementor-element-populated\">\n\t\t\t\t\t\t<div class=\"elementor-element elementor-element-bbe62eb elementor-align-right elementor-widget elementor-widget-button\" data-id=\"bbe62eb\" data-element_type=\"widget\" data-e-type=\"widget\" data-widget_type=\"button.default\">\n\t\t\t\t<div class=\"elementor-widget-container\">\n\t\t\t\t\t\t\t\t\t<div class=\"elementor-button-wrapper\">\n\t\t\t\t\t<a class=\"elementor-button elementor-button-link elementor-size-sm\" href=\"http:\/\/irpecor.fr\/index.php\/liste-des-formations-irpecor-2022-2023\/\">\n\t\t\t\t\t\t<span class=\"elementor-button-content-wrapper\">\n\t\t\t\t\t\t\t\t\t<span class=\"elementor-button-text\">Retour<\/span>\n\t\t\t\t\t<\/span>\n\t\t\t\t\t<\/a>\n\t\t\t\t<\/div>\n\t\t\t\t\t\t\t\t<\/div>\n\t\t\t\t<\/div>\n\t\t\t\t<div class=\"elementor-element elementor-element-ceb0a91 elementor-widget elementor-widget-heading\" data-id=\"ceb0a91\" data-element_type=\"widget\" data-e-type=\"widget\" data-widget_type=\"heading.default\">\n\t\t\t\t<div class=\"elementor-widget-container\">\n\t\t\t\t\t<h1 class=\"elementor-heading-title elementor-size-default\">ENTRE NOUS \/ ENTRENOUE<br>Structures : Accompagnement au Mouvement et Ecoute<\/h1>\t\t\t\t<\/div>\n\t\t\t\t<\/div>\n\t\t\t\t\t<\/div>\n\t\t<\/div>\n\t\t\t\t\t<\/div>\n\t\t<\/section>\n\t\t\t\t<section class=\"elementor-section elementor-top-section elementor-element elementor-element-7c82639 animated-slow elementor-section-boxed elementor-section-height-default elementor-section-height-default elementor-invisible\" data-id=\"7c82639\" data-element_type=\"section\" data-e-type=\"section\" data-settings=\"{&quot;animation&quot;:&quot;fadeInUp&quot;,&quot;animation_delay&quot;:500}\">\n\t\t\t\t\t\t<div class=\"elementor-container elementor-column-gap-default\">\n\t\t\t\t\t<div class=\"elementor-column elementor-col-100 elementor-top-column elementor-element elementor-element-c1d50d4\" data-id=\"c1d50d4\" data-element_type=\"column\" data-e-type=\"column\">\n\t\t\t<div class=\"elementor-widget-wrap elementor-element-populated\">\n\t\t\t\t\t\t<div class=\"elementor-element elementor-element-454f982 elementor-widget elementor-widget-text-editor\" data-id=\"454f982\" data-element_type=\"widget\" data-e-type=\"widget\" data-widget_type=\"text-editor.default\">\n\t\t\t\t<div class=\"elementor-widget-container\">\n\t\t\t\t\t\t\t\t\t<h3>Pr\u00e9sentation<\/h3><p><span style=\"font-size: 10pt;\">Pr\u00e9sentation d\u00e9taill\u00e9e avec programme et fiche inscription t\u00e9l\u00e9chargeable apr\u00e8s la pr\u00e9sentation<\/span><\/p><p>Cette session propose une exploration du corps, par le mouvement, la sensorialit\u00e9, la conscience corporelle. Il vise \u00e0 donner\u00a0<strong>la m\u00e9thodologie et les outils d&#8217;un dialogue corporel structurant avec des publics divers<\/strong>\u00a0:\u00a0<\/p><p>&#8211; Personnes avec handicap, moteur ou psychomoteur,<br \/>&#8211; Patients en souffrance psychique, donc aussi relationnelle,<br \/>&#8211; El\u00e8ves dans le cadre d&#8217;une pratique corporelle, artistique, \u00e9nerg\u00e9tique, sportive \u2026<br \/><span style=\"font-family: var( --e-global-typography-text-font-family ), Sans-serif; font-weight: var( --e-global-typography-text-font-weight ); color: var(--sydney-text-color);\"><br \/>Dans ce dialogue corps-accord nous devons nous rendre disponibles, attentifs, r\u00e9actifs. Pour cela il nous faut\u00a0<\/span><strong style=\"font-family: var( --e-global-typography-text-font-family ), Sans-serif; color: var(--sydney-text-color);\">rep\u00e9rer les signaux corporels<\/strong><span style=\"font-family: var( --e-global-typography-text-font-family ), Sans-serif; font-weight: var( --e-global-typography-text-font-weight ); color: var(--sydney-text-color);\">\u00a0qui font sens, apprendre \u00e0 \u00e9couter les r\u00e9ponses de nos partenaires et\u00a0<\/span><strong style=\"font-family: var( --e-global-typography-text-font-family ), Sans-serif; color: var(--sydney-text-color);\">les \u00e9chos qu&#8217;elles suscitent chez nous<\/strong><span style=\"font-family: var( --e-global-typography-text-font-family ), Sans-serif; font-weight: var( --e-global-typography-text-font-weight ); color: var(--sydney-text-color);\">. Il s&#8217;agit en quelque sorte\u00a0<\/span><strong style=\"font-family: var( --e-global-typography-text-font-family ), Sans-serif; color: var(--sydney-text-color);\">d&#8217;\u00e9talonner<\/strong><span style=\"font-family: var( --e-global-typography-text-font-family ), Sans-serif; font-weight: var( --e-global-typography-text-font-weight ); color: var(--sydney-text-color);\">\u00a0son propre corps pour s&#8217;ajuster \u00e0 nos partenaires et les inviter \u00e0 un travail.<\/span><\/p><p><img fetchpriority=\"high\" decoding=\"async\" class=\"size-full wp-image-85 alignright\" src=\"http:\/\/irpecor.fr\/wp-content\/uploads\/2022\/07\/FLo-Morel-Thai-1.jpg\" alt=\"\" width=\"189\" height=\"285\" \/><\/p><p><strong>Ce stage propose<\/strong>\u00a0:<\/p><p>&#8211; un travail d&#8217;ajustement corporel personnel<br \/>&#8211; l&#8217;affinement de l&#8217;\u00e9coute et de la discrimination des informations<br \/>&#8211; une d\u00e9couverte du toucher structurant qui aborde diff\u00e9rents l&#8217;eutonie, technique de conscoence corporelle qui ouvre \u00e0 la relation<\/p><p>\u00a0-&gt;\u00a0<span style=\"font-family: var( --e-global-typography-text-font-family ), Sans-serif; font-weight: var( --e-global-typography-text-font-weight ); color: var(--sydney-text-color);\">L&#8217;exp\u00e9rience et la m\u00e9thodologie qui la soutient int\u00e9ressent le\u00a0<\/span><strong style=\"font-family: var( --e-global-typography-text-font-family ), Sans-serif; color: var(--sydney-text-color);\">professionnel engag\u00e9 dans les m\u00e9diations corporelles<\/strong><span style=\"font-family: var( --e-global-typography-text-font-family ), Sans-serif; font-weight: var( --e-global-typography-text-font-weight ); color: var(--sydney-text-color);\">.<\/span><\/p><p>Le travail propos\u00e9 concerne \u00e9galement les p<strong>rofessionnels des pratiques corporelles expressives<\/strong>, \u00e9nerg\u00e9tiques ou sportives, ainsi que ceux qui travaillent en\u00a0<strong>th\u00e9rapie manuelle<\/strong>\u00a0qui cherchent \u00e0 \u00e9largir leur compr\u00e9hension de la globalit\u00e9 psychocorporelle.<\/p>\t\t\t\t\t\t\t\t<\/div>\n\t\t\t\t<\/div>\n\t\t\t\t\t<\/div>\n\t\t<\/div>\n\t\t\t\t\t<\/div>\n\t\t<\/section>\n\t\t\t\t<section class=\"elementor-section elementor-top-section elementor-element elementor-element-6ab060a animated-slow elementor-section-boxed elementor-section-height-default elementor-section-height-default elementor-invisible\" data-id=\"6ab060a\" data-element_type=\"section\" data-e-type=\"section\" data-settings=\"{&quot;animation&quot;:&quot;fadeIn&quot;,&quot;animation_delay&quot;:500}\">\n\t\t\t\t\t\t<div class=\"elementor-container elementor-column-gap-default\">\n\t\t\t\t\t<div class=\"elementor-column elementor-col-33 elementor-top-column elementor-element elementor-element-6152a1d\" data-id=\"6152a1d\" data-element_type=\"column\" data-e-type=\"column\">\n\t\t\t<div class=\"elementor-widget-wrap elementor-element-populated\">\n\t\t\t\t\t\t<div class=\"elementor-element elementor-element-1f544c1 elementor-widget elementor-widget-text-editor\" data-id=\"1f544c1\" data-element_type=\"widget\" data-e-type=\"widget\" data-widget_type=\"text-editor.default\">\n\t\t\t\t<div class=\"elementor-widget-container\">\n\t\t\t\t\t\t\t\t\t<h3>Objectifs et comp\u00e9tences vis\u00e9es :<\/h3><p>&#8211; Aura \u00e9labor\u00e9 une conscience corporelle \u00e0 partir de l&#8217;exp\u00e9rimentation et \u00e9tay\u00e9e par des documents r\u00e9f\u00e9renc\u00e9s<br \/>&#8211; Aura exp\u00e9riment\u00e9 les bases et r\u00e8gles \u2013techniques et \u00e9thiques- d&#8217;un toucher sensible<br \/>&#8211; Aura questionn\u00e9 sa posture de th\u00e9rapeute psychocorporel, ou sa p\u00e9dagogie d&#8217;enseignant en techniques corporelles.<br \/>&#8211; Saura proposer un travail d&#8217;harmonisation par le toucher bas\u00e9 sur les principes de l&#8217;eutonie<\/p><p><img decoding=\"async\" class=\"size-full wp-image-166 aligncenter\" src=\"http:\/\/irpecor.fr\/wp-content\/uploads\/2022\/07\/FLo-Morel-Mains.jpg\" alt=\"\" width=\"210\" height=\"169\" \/><\/p>\t\t\t\t\t\t\t\t<\/div>\n\t\t\t\t<\/div>\n\t\t\t\t\t<\/div>\n\t\t<\/div>\n\t\t\t\t<div class=\"elementor-column elementor-col-66 elementor-top-column elementor-element elementor-element-14d42a2\" data-id=\"14d42a2\" data-element_type=\"column\" data-e-type=\"column\">\n\t\t\t<div class=\"elementor-widget-wrap elementor-element-populated\">\n\t\t\t\t\t\t<div class=\"elementor-element elementor-element-37ba8ef elementor-widget elementor-widget-text-editor\" data-id=\"37ba8ef\" data-element_type=\"widget\" data-e-type=\"widget\" data-widget_type=\"text-editor.default\">\n\t\t\t\t<div class=\"elementor-widget-container\">\n\t\t\t\t\t\t\t\t\t<h3>Contenus et m\u00e9thodologie de la formation\u00a0<\/h3><p><strong>Pratique<\/strong> :\u00a0Dispositifs d&#8217;exploration corporelle faisant appel au mouvement au sein du groupe pour exp\u00e9rimenter :<br \/>&#8211; modulation tonique et sensorialit\u00e9 par des propositions issues des approches somatiques<br \/>&#8211; approche du toucher et de l&#8217;\u00e9coute tissulaire<br \/>&#8211; accompagnement d&#8217;un partenaire par le toucher et le mouvement guid\u00e9<\/p><p><strong>Elaboration<\/strong>\u00a0: Apr\u00e8s chaque exploration, \u00e9valuation de l&#8217;exp\u00e9rience personnelle pour d\u00e9gager les processus mobilis\u00e9s, les objectifs p\u00e9dagogiques et th\u00e9rapeutiques<br \/>Pr\u00e9sentation de vignettes cliniques<br \/>Analyse de situations cliniques propos\u00e9es par les participants (selon demande et possibilit\u00e9s des participants)<\/p><p><strong>Synth\u00e8se<\/strong>\u00a0: Synth\u00e8se th\u00e9orique insistant sur les liens th\u00e9orico-pratiques et pratico-cliniques Evaluation et analyse des acquis th\u00e9oriques et pratiques<br \/>Proposition d&#8217;entretien individualis\u00e9 avec les stagiaires pour d\u00e9gager des axes d&#8217;am\u00e9lioration<br \/>Suivi post-stage sous forme d&#8217;\u00e9changes internet (entretiens, envois de documents).<\/p>\t\t\t\t\t\t\t\t<\/div>\n\t\t\t\t<\/div>\n\t\t\t\t\t<\/div>\n\t\t<\/div>\n\t\t\t\t\t<\/div>\n\t\t<\/section>\n\t\t\t\t<section class=\"elementor-section elementor-top-section elementor-element elementor-element-72eb0d6 animated-slow elementor-section-boxed elementor-section-height-default elementor-section-height-default elementor-invisible\" data-id=\"72eb0d6\" data-element_type=\"section\" data-e-type=\"section\" data-settings=\"{&quot;animation&quot;:&quot;fadeInUp&quot;,&quot;animation_delay&quot;:500}\">\n\t\t\t\t\t\t<div class=\"elementor-container elementor-column-gap-default\">\n\t\t\t\t\t<div class=\"elementor-column elementor-col-33 elementor-top-column elementor-element elementor-element-1129bf4\" data-id=\"1129bf4\" data-element_type=\"column\" data-e-type=\"column\">\n\t\t\t<div class=\"elementor-widget-wrap elementor-element-populated\">\n\t\t\t\t\t\t<div class=\"elementor-element elementor-element-0edf792 elementor-widget elementor-widget-text-editor\" data-id=\"0edf792\" data-element_type=\"widget\" data-e-type=\"widget\" data-widget_type=\"text-editor.default\">\n\t\t\t\t<div class=\"elementor-widget-container\">\n\t\t\t\t\t\t\t\t\t<h3>Moyens techniques et p\u00e9dagogiques<\/h3><p>L&#8217;exp\u00e9rimentation est le pilier de notre p\u00e9dagogie, articul\u00e9e imm\u00e9diatement avec la th\u00e9orie et menant directement \u00e0 des liens dans la pratique professionnelle. Documents p\u00e9dagogiques :\u00a0<br \/>\u2022 Avant la session : Notes pr\u00e9alables envoy\u00e9es deux semaines avant la session\u00a0<br \/>\u2022 Pendant la session : Documents vid\u00e9o cliniques pour permettre au stagiaire d&#8217;\u00e9tablir des liens entre le travail propos\u00e9 et sa pratique professionnelle (qu&#8217;elle soit clinique, \u00e9ducative ou p\u00e9dagogique).\u00a0 Mat\u00e9riel anatomique.\u00a0<br \/>\u2022 Apr\u00e8s la session (envoi internet ou r\u00e9cup\u00e9rable sur place sur cl\u00e9 USB) : \u2212 Livret technique \u2212 articles compl\u00e9mentaires selon les demandes sp\u00e9cifiques des stagiaires \u2212 R\u00e9f\u00e9rences musicales utilis\u00e9es\u00a0<br \/>\u2212 Bibliographie de r\u00e9f\u00e9rence et liens consultables sur le web<\/p>\t\t\t\t\t\t\t\t<\/div>\n\t\t\t\t<\/div>\n\t\t\t\t\t<\/div>\n\t\t<\/div>\n\t\t\t\t<div class=\"elementor-column elementor-col-33 elementor-top-column elementor-element elementor-element-7460657\" data-id=\"7460657\" data-element_type=\"column\" data-e-type=\"column\">\n\t\t\t<div class=\"elementor-widget-wrap elementor-element-populated\">\n\t\t\t\t\t\t<div class=\"elementor-element elementor-element-82a29f6 elementor-widget elementor-widget-text-editor\" data-id=\"82a29f6\" data-element_type=\"widget\" data-e-type=\"widget\" data-widget_type=\"text-editor.default\">\n\t\t\t\t<div class=\"elementor-widget-container\">\n\t\t\t\t\t\t\t\t\t<h3>Public vis\u00e9 et Pr\u00e9-requis :\u00a0<\/h3><p>&#8211;\u00a0\u00a0 \u00a0Professionnels de la relation d&#8217;aide engageant une m\u00e9diation corporelle.\u00a0<br \/>Sont particuli\u00e8rement concern\u00e9s les psychomotriciens, \u00e9ducateurs, infirmiers et autres param\u00e9dicaux qui souhaitent mettre en place des groupes de Danse-Th\u00e9rapie ou de travail corporel en institution.<br \/>&#8211;\u00a0\u00a0 \u00a0Enseignants en danse ou techniques de mouvement (arts \u00e9nerg\u00e9tiques, cirque, th\u00e9\u00e2tre corporel&#8230;)<br \/>&#8211;\u00a0\u00a0 \u00a0Danseurs ou artistes qui souhaitent travailler en milieu institutionnel dans une vis\u00e9e th\u00e9rapeutique ou psychop\u00e9dagogique.<\/p><p>\u00a0Aucun niveau technique n&#8217;est requis-\u00a0\u00a0Niveau d&#8217;\u00e9tudes : bac ou \u00e9quivalent conseill\u00e9.<\/p><p><img decoding=\"async\" class=\"alignnone size-medium wp-image-168\" src=\"http:\/\/irpecor.fr\/wp-content\/uploads\/2022\/07\/Frise-2-300x88.jpg\" alt=\"\" width=\"300\" height=\"88\" srcset=\"https:\/\/irpecor.fr\/wp-content\/uploads\/2022\/07\/Frise-2-300x88.jpg 300w, https:\/\/irpecor.fr\/wp-content\/uploads\/2022\/07\/Frise-2.jpg 558w\" sizes=\"(max-width: 300px) 100vw, 300px\" \/><\/p>\t\t\t\t\t\t\t\t<\/div>\n\t\t\t\t<\/div>\n\t\t\t\t\t<\/div>\n\t\t<\/div>\n\t\t\t\t<div class=\"elementor-column elementor-col-33 elementor-top-column elementor-element elementor-element-c3bae75\" data-id=\"c3bae75\" data-element_type=\"column\" data-e-type=\"column\">\n\t\t\t<div class=\"elementor-widget-wrap elementor-element-populated\">\n\t\t\t\t\t\t<div class=\"elementor-element elementor-element-aa688e1 elementor-widget elementor-widget-text-editor\" data-id=\"aa688e1\" data-element_type=\"widget\" data-e-type=\"widget\" data-widget_type=\"text-editor.default\">\n\t\t\t\t<div class=\"elementor-widget-container\">\n\t\t\t\t\t\t\t\t\t<h3>Modalit\u00e9s de sanction de la formation\u00a0<\/h3><p>\u00a0&#8211;\u00a0\u00a0Feuilles de pr\u00e9sence sign\u00e9es chaque demi-journ\u00e9e par les stagiaires et le formateur<br \/>&#8211;\u00a0Attestation de pr\u00e9sence individuelle<br \/>&#8211;\u00a0Evaluation au cours de la formation : guidance personnalis\u00e9e lors des pratiques et entretien\/\u00e9valuation portant sur l&#8217;\u00e9laboration th\u00e9orico-clinique<br \/>&#8211;\u00a0Auto-\u00e9valuation des stagiaires en fin de stage par questionnaire de satisfaction (bilan p\u00e9dagogique et administratif)<br \/>&#8211;\u00a0Suivi post-stage sous forme d&#8217;\u00e9change de mail (ou par t\u00e9l\u00e9phone ou visiocontact internet)<\/p>\t\t\t\t\t\t\t\t<\/div>\n\t\t\t\t<\/div>\n\t\t\t\t\t<\/div>\n\t\t<\/div>\n\t\t\t\t\t<\/div>\n\t\t<\/section>\n\t\t\t\t<section class=\"elementor-section elementor-top-section elementor-element elementor-element-0aaf8ae animated-slow elementor-section-boxed elementor-section-height-default elementor-section-height-default elementor-invisible\" data-id=\"0aaf8ae\" data-element_type=\"section\" data-e-type=\"section\" data-settings=\"{&quot;animation&quot;:&quot;fadeIn&quot;,&quot;animation_delay&quot;:500}\">\n\t\t\t\t\t\t<div class=\"elementor-container elementor-column-gap-default\">\n\t\t\t\t\t<div class=\"elementor-column elementor-col-33 elementor-top-column elementor-element elementor-element-49c7e10\" data-id=\"49c7e10\" data-element_type=\"column\" data-e-type=\"column\">\n\t\t\t<div class=\"elementor-widget-wrap elementor-element-populated\">\n\t\t\t\t\t\t<div class=\"elementor-element elementor-element-1fbb521 elementor-widget elementor-widget-text-editor\" data-id=\"1fbb521\" data-element_type=\"widget\" data-e-type=\"widget\" data-widget_type=\"text-editor.default\">\n\t\t\t\t<div class=\"elementor-widget-container\">\n\t\t\t\t\t\t\t\t\t<h4>Lieu et h\u00e9bergement\u00a0<\/h4><p>ECHAY \/ La Pierre 25440 &#8211; Ferme de Bellevue<\/p><p><span style=\"font-family: var( --e-global-typography-text-font-family ), Sans-serif; color: var(--sydney-text-color);\">H\u00e9bergement possible sur place. Possibilit\u00e9 de cuisiner et stocker. voir conditions dans fichier joint.<\/span><\/p>\t\t\t\t\t\t\t\t<\/div>\n\t\t\t\t<\/div>\n\t\t\t\t\t<\/div>\n\t\t<\/div>\n\t\t\t\t<div class=\"elementor-column elementor-col-33 elementor-top-column elementor-element elementor-element-c9ef565\" data-id=\"c9ef565\" data-element_type=\"column\" data-e-type=\"column\">\n\t\t\t<div class=\"elementor-widget-wrap elementor-element-populated\">\n\t\t\t\t\t\t<div class=\"elementor-element elementor-element-98a9def elementor-widget elementor-widget-text-editor\" data-id=\"98a9def\" data-element_type=\"widget\" data-e-type=\"widget\" data-widget_type=\"text-editor.default\">\n\t\t\t\t<div class=\"elementor-widget-container\">\n\t\t\t\t\t\t\t\t\t<h4>Tarifs\u00a0\u00a0:\u00a0<\/h4><p>&#8211; Prise en charge employeur : 900\u20ac<br \/>&#8211; Lib\u00e9raux prise en charge FIFPL : 800\u20ac\u00a0<br \/>&#8211; Personnes auto-financ\u00e9es : 450\u20ac<\/p>\t\t\t\t\t\t\t\t<\/div>\n\t\t\t\t<\/div>\n\t\t\t\t\t<\/div>\n\t\t<\/div>\n\t\t\t\t<div class=\"elementor-column elementor-col-33 elementor-top-column elementor-element elementor-element-963ef8e\" data-id=\"963ef8e\" data-element_type=\"column\" data-e-type=\"column\">\n\t\t\t<div class=\"elementor-widget-wrap elementor-element-populated\">\n\t\t\t\t\t\t<div class=\"elementor-element elementor-element-8431f9d elementor-widget elementor-widget-text-editor\" data-id=\"8431f9d\" data-element_type=\"widget\" data-e-type=\"widget\" data-widget_type=\"text-editor.default\">\n\t\t\t\t<div class=\"elementor-widget-container\">\n\t\t\t\t\t\t\t\t\t<h4>Horaires :<\/h4><p>J1 : 10h-12h30 \/ 14h30-18h30\u00a0<\/p><p>J2-3-4 :9h-12h30 \/ 14h30-18h30<\/p><p>J5 : 9h-13h00\u00a0\u00a0<\/p><p><strong>Nombre d&#8217;heures : 32 h\u00a0<\/strong><\/p><h4><strong>Formateurs:<\/strong><\/h4><p><strong>Beno\u00eet Lesage<\/strong><\/p><p><strong>Autre: Nicole Thiebaut\u00a0<\/strong><\/p>\t\t\t\t\t\t\t\t<\/div>\n\t\t\t\t<\/div>\n\t\t\t\t\t<\/div>\n\t\t<\/div>\n\t\t\t\t\t<\/div>\n\t\t<\/section>\n\t\t\t\t<section class=\"elementor-section elementor-top-section elementor-element elementor-element-ee67bfe elementor-section-boxed elementor-section-height-default elementor-section-height-default\" data-id=\"ee67bfe\" data-element_type=\"section\" data-e-type=\"section\">\n\t\t\t\t\t\t<div class=\"elementor-container elementor-column-gap-default\">\n\t\t\t\t\t<div class=\"elementor-column elementor-col-50 elementor-top-column elementor-element elementor-element-41b9490\" data-id=\"41b9490\" data-element_type=\"column\" data-e-type=\"column\">\n\t\t\t<div class=\"elementor-widget-wrap elementor-element-populated\">\n\t\t\t\t\t\t<div class=\"elementor-element elementor-element-e7f5676 elementor-widget elementor-widget-text-editor\" data-id=\"e7f5676\" data-element_type=\"widget\" data-e-type=\"widget\" data-widget_type=\"text-editor.default\">\n\t\t\t\t<div class=\"elementor-widget-container\">\n\t\t\t\t\t\t\t\t\t<p><a href=\"http:\/\/irpecor.fr\/wp-content\/uploads\/2022\/11\/Structures-Juin2023.pdf\">Pr\u00e9sentation d\u00e9taill\u00e9e 2023<\/a><\/p>\t\t\t\t\t\t\t\t<\/div>\n\t\t\t\t<\/div>\n\t\t\t\t\t<\/div>\n\t\t<\/div>\n\t\t\t\t<div class=\"elementor-column elementor-col-50 elementor-top-column elementor-element elementor-element-61b9549\" data-id=\"61b9549\" data-element_type=\"column\" data-e-type=\"column\">\n\t\t\t<div class=\"elementor-widget-wrap elementor-element-populated\">\n\t\t\t\t\t\t<div class=\"elementor-element elementor-element-6bced6a elementor-widget elementor-widget-text-editor\" data-id=\"6bced6a\" data-element_type=\"widget\" data-e-type=\"widget\" data-widget_type=\"text-editor.default\">\n\t\t\t\t<div class=\"elementor-widget-container\">\n\t\t\t\t\t\t\t\t\t<p><a href=\"http:\/\/irpecor.fr\/index.php\/qui-sommes-nous\/\">Voir Profils<\/a><\/p>\t\t\t\t\t\t\t\t<\/div>\n\t\t\t\t<\/div>\n\t\t\t\t\t<\/div>\n\t\t<\/div>\n\t\t\t\t\t<\/div>\n\t\t<\/section>\n\t\t\t\t<section class=\"elementor-section elementor-top-section elementor-element elementor-element-61ffc29 elementor-section-full_width elementor-section-stretched elementor-section-height-default elementor-section-height-default\" data-id=\"61ffc29\" data-element_type=\"section\" data-e-type=\"section\" data-settings=\"{&quot;stretch_section&quot;:&quot;section-stretched&quot;,&quot;background_background&quot;:&quot;classic&quot;}\">\n\t\t\t\t\t\t<div class=\"elementor-container elementor-column-gap-default\">\n\t\t\t\t\t<div class=\"elementor-column elementor-col-100 elementor-top-column elementor-element elementor-element-68f440c\" data-id=\"68f440c\" data-element_type=\"column\" data-e-type=\"column\">\n\t\t\t<div class=\"elementor-widget-wrap elementor-element-populated\">\n\t\t\t\t\t\t<div class=\"elementor-element elementor-element-bed2877 elementor-align-left elementor-widget elementor-widget-button\" data-id=\"bed2877\" data-element_type=\"widget\" data-e-type=\"widget\" data-widget_type=\"button.default\">\n\t\t\t\t<div class=\"elementor-widget-container\">\n\t\t\t\t\t\t\t\t\t<div class=\"elementor-button-wrapper\">\n\t\t\t\t\t<a class=\"elementor-button elementor-button-link elementor-size-sm\" href=\"http:\/\/irpecor.fr\/index.php\/liste-des-formations-irpecor-2022-2023\/\">\n\t\t\t\t\t\t<span class=\"elementor-button-content-wrapper\">\n\t\t\t\t\t\t\t\t\t<span class=\"elementor-button-text\">Retour<\/span>\n\t\t\t\t\t<\/span>\n\t\t\t\t\t<\/a>\n\t\t\t\t<\/div>\n\t\t\t\t\t\t\t\t<\/div>\n\t\t\t\t<\/div>\n\t\t\t\t\t<\/div>\n\t\t<\/div>\n\t\t\t\t\t<\/div>\n\t\t<\/section>\n\t\t\t\t<\/div>\n\t\t","protected":false},"excerpt":{"rendered":"<p>Retour ENTRE NOUS \/ ENTRENOUEStructures : Accompagnement au Mouvement et Ecoute Pr\u00e9sentation Pr\u00e9sentation d\u00e9taill\u00e9e avec programme et fiche inscription t\u00e9l\u00e9chargeable apr\u00e8s la [&hellip;]<\/p>\n","protected":false},"author":1,"featured_media":0,"parent":0,"menu_order":0,"comment_status":"closed","ping_status":"closed","template":"elementor_header_footer","meta":{"footnotes":""},"class_list":["post-1086","page","type-page","status-publish","hentry"],"yoast_head":"<!-- This site is optimized with the Yoast SEO plugin v27.5 - https:\/\/yoast.com\/product\/yoast-seo-wordpress\/ -->\n<title>Structures accompagnement au mouvement, \u00e9coute corporelle - Irpecor<\/title>\n<meta name=\"description\" content=\"Cette session propose une exploration du corps, par le mouvement, la sensorialit\u00e9, la conscience corporelle. Il vise \u00e0 donner la m\u00e9thodologie et les outils d\u2019un dialogue corporel structurant avec des publics divers :\" \/>\n<meta name=\"robots\" content=\"index, follow, max-snippet:-1, max-image-preview:large, max-video-preview:-1\" \/>\n<link rel=\"canonical\" href=\"http:\/\/irpecor.fr\/index.php\/structures-exploration-corporelle-sensorialite-conscience-corporelle\/\" \/>\n<meta property=\"og:locale\" content=\"fr_FR\" \/>\n<meta property=\"og:type\" content=\"article\" \/>\n<meta property=\"og:title\" content=\"Structures accompagnement au mouvement, \u00e9coute corporelle - Irpecor\" \/>\n<meta property=\"og:description\" content=\"Cette session propose une exploration du corps, par le mouvement, la sensorialit\u00e9, la conscience corporelle. Il vise \u00e0 donner la m\u00e9thodologie et les outils d\u2019un dialogue corporel structurant avec des publics divers :\" \/>\n<meta property=\"og:url\" content=\"http:\/\/irpecor.fr\/index.php\/structures-exploration-corporelle-sensorialite-conscience-corporelle\/\" \/>\n<meta property=\"og:site_name\" content=\"Irpecor\" \/>\n<meta property=\"article:publisher\" content=\"https:\/\/www.facebook.com\/benoitlesageirpecor\" \/>\n<meta property=\"article:modified_time\" content=\"2023-03-10T19:47:58+00:00\" \/>\n<meta property=\"og:image\" content=\"http:\/\/irpecor.fr\/wp-content\/uploads\/2022\/07\/FLo-Morel-Thai-1.jpg\" \/>\n<meta name=\"twitter:card\" content=\"summary_large_image\" \/>\n<meta name=\"twitter:label1\" content=\"Dur\u00e9e de lecture estim\u00e9e\" \/>\n\t<meta name=\"twitter:data1\" content=\"5 minutes\" \/>\n<script type=\"application\/ld+json\" class=\"yoast-schema-graph\">{\"@context\":\"https:\\\/\\\/schema.org\",\"@graph\":[{\"@type\":\"WebPage\",\"@id\":\"http:\\\/\\\/irpecor.fr\\\/index.php\\\/structures-exploration-corporelle-sensorialite-conscience-corporelle\\\/\",\"url\":\"http:\\\/\\\/irpecor.fr\\\/index.php\\\/structures-exploration-corporelle-sensorialite-conscience-corporelle\\\/\",\"name\":\"Structures accompagnement au mouvement, \u00e9coute corporelle - Irpecor\",\"isPartOf\":{\"@id\":\"https:\\\/\\\/irpecor.fr\\\/#website\"},\"primaryImageOfPage\":{\"@id\":\"http:\\\/\\\/irpecor.fr\\\/index.php\\\/structures-exploration-corporelle-sensorialite-conscience-corporelle\\\/#primaryimage\"},\"image\":{\"@id\":\"http:\\\/\\\/irpecor.fr\\\/index.php\\\/structures-exploration-corporelle-sensorialite-conscience-corporelle\\\/#primaryimage\"},\"thumbnailUrl\":\"http:\\\/\\\/irpecor.fr\\\/wp-content\\\/uploads\\\/2022\\\/07\\\/FLo-Morel-Thai-1.jpg\",\"datePublished\":\"2022-07-24T13:49:45+00:00\",\"dateModified\":\"2023-03-10T19:47:58+00:00\",\"description\":\"Cette session propose une exploration du corps, par le mouvement, la sensorialit\u00e9, la conscience corporelle. Il vise \u00e0 donner la m\u00e9thodologie et les outils d\u2019un dialogue corporel structurant avec des publics divers :\",\"breadcrumb\":{\"@id\":\"http:\\\/\\\/irpecor.fr\\\/index.php\\\/structures-exploration-corporelle-sensorialite-conscience-corporelle\\\/#breadcrumb\"},\"inLanguage\":\"fr-FR\",\"potentialAction\":[{\"@type\":\"ReadAction\",\"target\":[\"http:\\\/\\\/irpecor.fr\\\/index.php\\\/structures-exploration-corporelle-sensorialite-conscience-corporelle\\\/\"]}]},{\"@type\":\"ImageObject\",\"inLanguage\":\"fr-FR\",\"@id\":\"http:\\\/\\\/irpecor.fr\\\/index.php\\\/structures-exploration-corporelle-sensorialite-conscience-corporelle\\\/#primaryimage\",\"url\":\"\",\"contentUrl\":\"\"},{\"@type\":\"BreadcrumbList\",\"@id\":\"http:\\\/\\\/irpecor.fr\\\/index.php\\\/structures-exploration-corporelle-sensorialite-conscience-corporelle\\\/#breadcrumb\",\"itemListElement\":[{\"@type\":\"ListItem\",\"position\":1,\"name\":\"Accueil\",\"item\":\"https:\\\/\\\/irpecor.fr\\\/\"},{\"@type\":\"ListItem\",\"position\":2,\"name\":\"Structures accompagnement au mouvement, \u00e9coute corporelle\"}]},{\"@type\":\"WebSite\",\"@id\":\"https:\\\/\\\/irpecor.fr\\\/#website\",\"url\":\"https:\\\/\\\/irpecor.fr\\\/\",\"name\":\"Irpecor\",\"description\":\"Structuration corporelle et danse th\u00e9rapie\",\"publisher\":{\"@id\":\"https:\\\/\\\/irpecor.fr\\\/#organization\"},\"potentialAction\":[{\"@type\":\"SearchAction\",\"target\":{\"@type\":\"EntryPoint\",\"urlTemplate\":\"https:\\\/\\\/irpecor.fr\\\/?s={search_term_string}\"},\"query-input\":{\"@type\":\"PropertyValueSpecification\",\"valueRequired\":true,\"valueName\":\"search_term_string\"}}],\"inLanguage\":\"fr-FR\"},{\"@type\":\"Organization\",\"@id\":\"https:\\\/\\\/irpecor.fr\\\/#organization\",\"name\":\"Irpecor\",\"url\":\"https:\\\/\\\/irpecor.fr\\\/\",\"logo\":{\"@type\":\"ImageObject\",\"inLanguage\":\"fr-FR\",\"@id\":\"https:\\\/\\\/irpecor.fr\\\/#\\\/schema\\\/logo\\\/image\\\/\",\"url\":\"https:\\\/\\\/irpecor.fr\\\/wp-content\\\/uploads\\\/2022\\\/07\\\/cropped-cropped-logo_irpecor.gif\",\"contentUrl\":\"https:\\\/\\\/irpecor.fr\\\/wp-content\\\/uploads\\\/2022\\\/07\\\/cropped-cropped-logo_irpecor.gif\",\"width\":132,\"height\":111,\"caption\":\"Irpecor\"},\"image\":{\"@id\":\"https:\\\/\\\/irpecor.fr\\\/#\\\/schema\\\/logo\\\/image\\\/\"},\"sameAs\":[\"https:\\\/\\\/www.facebook.com\\\/benoitlesageirpecor\"]}]}<\/script>\n<!-- \/ Yoast SEO plugin. -->","yoast_head_json":{"title":"Structures accompagnement au mouvement, \u00e9coute corporelle - Irpecor","description":"Cette session propose une exploration du corps, par le mouvement, la sensorialit\u00e9, la conscience corporelle. Il vise \u00e0 donner la m\u00e9thodologie et les outils d\u2019un dialogue corporel structurant avec des publics divers :","robots":{"index":"index","follow":"follow","max-snippet":"max-snippet:-1","max-image-preview":"max-image-preview:large","max-video-preview":"max-video-preview:-1"},"canonical":"http:\/\/irpecor.fr\/index.php\/structures-exploration-corporelle-sensorialite-conscience-corporelle\/","og_locale":"fr_FR","og_type":"article","og_title":"Structures accompagnement au mouvement, \u00e9coute corporelle - Irpecor","og_description":"Cette session propose une exploration du corps, par le mouvement, la sensorialit\u00e9, la conscience corporelle. Il vise \u00e0 donner la m\u00e9thodologie et les outils d\u2019un dialogue corporel structurant avec des publics divers :","og_url":"http:\/\/irpecor.fr\/index.php\/structures-exploration-corporelle-sensorialite-conscience-corporelle\/","og_site_name":"Irpecor","article_publisher":"https:\/\/www.facebook.com\/benoitlesageirpecor","article_modified_time":"2023-03-10T19:47:58+00:00","og_image":[{"url":"http:\/\/irpecor.fr\/wp-content\/uploads\/2022\/07\/FLo-Morel-Thai-1.jpg","type":"","width":"","height":""}],"twitter_card":"summary_large_image","twitter_misc":{"Dur\u00e9e de lecture estim\u00e9e":"5 minutes"},"schema":{"@context":"https:\/\/schema.org","@graph":[{"@type":"WebPage","@id":"http:\/\/irpecor.fr\/index.php\/structures-exploration-corporelle-sensorialite-conscience-corporelle\/","url":"http:\/\/irpecor.fr\/index.php\/structures-exploration-corporelle-sensorialite-conscience-corporelle\/","name":"Structures accompagnement au mouvement, \u00e9coute corporelle - Irpecor","isPartOf":{"@id":"https:\/\/irpecor.fr\/#website"},"primaryImageOfPage":{"@id":"http:\/\/irpecor.fr\/index.php\/structures-exploration-corporelle-sensorialite-conscience-corporelle\/#primaryimage"},"image":{"@id":"http:\/\/irpecor.fr\/index.php\/structures-exploration-corporelle-sensorialite-conscience-corporelle\/#primaryimage"},"thumbnailUrl":"http:\/\/irpecor.fr\/wp-content\/uploads\/2022\/07\/FLo-Morel-Thai-1.jpg","datePublished":"2022-07-24T13:49:45+00:00","dateModified":"2023-03-10T19:47:58+00:00","description":"Cette session propose une exploration du corps, par le mouvement, la sensorialit\u00e9, la conscience corporelle. Il vise \u00e0 donner la m\u00e9thodologie et les outils d\u2019un dialogue corporel structurant avec des publics divers :","breadcrumb":{"@id":"http:\/\/irpecor.fr\/index.php\/structures-exploration-corporelle-sensorialite-conscience-corporelle\/#breadcrumb"},"inLanguage":"fr-FR","potentialAction":[{"@type":"ReadAction","target":["http:\/\/irpecor.fr\/index.php\/structures-exploration-corporelle-sensorialite-conscience-corporelle\/"]}]},{"@type":"ImageObject","inLanguage":"fr-FR","@id":"http:\/\/irpecor.fr\/index.php\/structures-exploration-corporelle-sensorialite-conscience-corporelle\/#primaryimage","url":"","contentUrl":""},{"@type":"BreadcrumbList","@id":"http:\/\/irpecor.fr\/index.php\/structures-exploration-corporelle-sensorialite-conscience-corporelle\/#breadcrumb","itemListElement":[{"@type":"ListItem","position":1,"name":"Accueil","item":"https:\/\/irpecor.fr\/"},{"@type":"ListItem","position":2,"name":"Structures accompagnement au mouvement, \u00e9coute corporelle"}]},{"@type":"WebSite","@id":"https:\/\/irpecor.fr\/#website","url":"https:\/\/irpecor.fr\/","name":"Irpecor","description":"Structuration corporelle et danse th\u00e9rapie","publisher":{"@id":"https:\/\/irpecor.fr\/#organization"},"potentialAction":[{"@type":"SearchAction","target":{"@type":"EntryPoint","urlTemplate":"https:\/\/irpecor.fr\/?s={search_term_string}"},"query-input":{"@type":"PropertyValueSpecification","valueRequired":true,"valueName":"search_term_string"}}],"inLanguage":"fr-FR"},{"@type":"Organization","@id":"https:\/\/irpecor.fr\/#organization","name":"Irpecor","url":"https:\/\/irpecor.fr\/","logo":{"@type":"ImageObject","inLanguage":"fr-FR","@id":"https:\/\/irpecor.fr\/#\/schema\/logo\/image\/","url":"https:\/\/irpecor.fr\/wp-content\/uploads\/2022\/07\/cropped-cropped-logo_irpecor.gif","contentUrl":"https:\/\/irpecor.fr\/wp-content\/uploads\/2022\/07\/cropped-cropped-logo_irpecor.gif","width":132,"height":111,"caption":"Irpecor"},"image":{"@id":"https:\/\/irpecor.fr\/#\/schema\/logo\/image\/"},"sameAs":["https:\/\/www.facebook.com\/benoitlesageirpecor"]}]}},"_links":{"self":[{"href":"https:\/\/irpecor.fr\/index.php\/wp-json\/wp\/v2\/pages\/1086","targetHints":{"allow":["GET"]}}],"collection":[{"href":"https:\/\/irpecor.fr\/index.php\/wp-json\/wp\/v2\/pages"}],"about":[{"href":"https:\/\/irpecor.fr\/index.php\/wp-json\/wp\/v2\/types\/page"}],"author":[{"embeddable":true,"href":"https:\/\/irpecor.fr\/index.php\/wp-json\/wp\/v2\/users\/1"}],"replies":[{"embeddable":true,"href":"https:\/\/irpecor.fr\/index.php\/wp-json\/wp\/v2\/comments?post=1086"}],"version-history":[{"count":138,"href":"https:\/\/irpecor.fr\/index.php\/wp-json\/wp\/v2\/pages\/1086\/revisions"}],"predecessor-version":[{"id":4514,"href":"https:\/\/irpecor.fr\/index.php\/wp-json\/wp\/v2\/pages\/1086\/revisions\/4514"}],"wp:attachment":[{"href":"https:\/\/irpecor.fr\/index.php\/wp-json\/wp\/v2\/media?parent=1086"}],"curies":[{"name":"wp","href":"https:\/\/api.w.org\/{rel}","templated":true}]}}